{"id":2962,"date":"2020-03-18T18:40:42","date_gmt":"2020-03-18T18:40:42","guid":{"rendered":"https:\/\/svornitologia.org\/?page_id=2962"},"modified":"2026-04-16T19:08:36","modified_gmt":"2026-04-16T17:08:36","slug":"el-teuladi","status":"publish","type":"page","link":"https:\/\/svornitologia.org\/es\/el-teuladi\/","title":{"rendered":"EL TEULAD\u00cd"},"content":{"rendered":"<p><strong>El Teulad\u00ed<\/strong> es nuestro <strong>bolet\u00edn trimestral de actividades<\/strong> que naci\u00f3 en el segundo semestre de 2018 y que es el resultado de la evoluci\u00f3n de la <a href=\"https:\/\/svornitologia.org\/circular-de-actividades\/\" target=\"_blank\" rel=\"noopener\">Circular de actividades<\/a> de la SVO que se llevaba realizando desde 2006.<\/p>\n<p>La coordinaci\u00f3n de la Circular propuso transformarla en el bolet\u00edn que ahora conocemos, en primer lugar mejorando la est\u00e9tica, aportando dobles columnas e ilustrando los contenidos, dando apariencia de revista.<\/p>\n<p>Adem\u00e1s, se le ha a\u00f1adido a la secci\u00f3n de cr\u00f3nicas y convocatorias, art\u00edculos de denuncia.<\/p>\n<p>Tambi\u00e9n se le a\u00f1ade una portada a todo color numerada, donde aparece la especie de ave que se puede observar en el Pa\u00eds Valenciano el trimestre de la publicaci\u00f3n. Los autores de la fotograf\u00eda de portada son socios de la SVO que ceden esas preciosas fotos de sus jornadas de campeo. A su vez, se indica en la primera p\u00e1gina debajo del apartado Sumario , el autor de la fotograf\u00eda de portada, el nombre de la especie de la portada en castellano, en valenciano y su nombre cient\u00edfico, de esta manera se ense\u00f1a a los lectores los nombres de nuestra avifauna.<\/p>\n<p>Ya teniendo una portada, se necesitaba un nombre para el bolet\u00edn, ese nombre naci\u00f3 fruto de un refer\u00e9ndum hecho por los socios de la SVO, hab\u00edan varios nombres en el tintero\u2026 <em>l\u2019escateret, el xoriguer, l\u2019oriol<\/em>\u2026 pero finalmente se vot\u00f3 por El Teulad\u00ed con un amplio porcentaje de votos, dando ejemplo de la democracia que se respira en esta asociaci\u00f3n.<\/p>\n<p><img loading=\"lazy\" decoding=\"async\" class=\"aligncenter size-full wp-image-2967\" src=\"https:\/\/svornitologia.org\/wp-content\/uploads\/2020\/03\/Teu1.jpg\" alt=\"\" width=\"911\" height=\"648\" srcset=\"https:\/\/svornitologia.org\/wp-content\/uploads\/2020\/03\/Teu1.jpg 911w, https:\/\/svornitologia.org\/wp-content\/uploads\/2020\/03\/Teu1-300x213.jpg 300w, https:\/\/svornitologia.org\/wp-content\/uploads\/2020\/03\/Teu1-768x546.jpg 768w\" sizes=\"auto, (max-width: 911px) 100vw, 911px\" \/>El idioma que se utiliza en la estructura del bolet\u00edn es el valenciano, no obstante por liberar de carga de traducciones al coordinador del bolet\u00edn que hace este trabajo altruistamente, las cr\u00f3nicas, art\u00edculos y convocatorias, se publican escritas en el idioma que utilice su autor.<\/p>\n<p><strong>La estructura de El Teulad\u00ed consta de:<\/strong><\/p>\n<p style=\"padding-left: 30px;\">\u2022 Una <strong>portada<\/strong> numerada, ilustrada con una fotograf\u00eda, el logo del bolet\u00edn y con tres o cuatro titulares que adelantan que podemos ver en el interior.<\/p>\n<p style=\"padding-left: 30px;\">\u2022 La primera p\u00e1gina donde aparece el <strong>sumario<\/strong>, que a su vez contiene el \u00edndice de las convocatorias, resultados de censos, cr\u00f3nicas de actividades y art\u00edculos de denuncia y\/o divulgaci\u00f3n.<\/p>\n<p style=\"padding-left: 30px;\">\u2022 En la siguiente p\u00e1gina aparece la secci\u00f3n de <strong>convocatorias<\/strong> de las futuras actividades del correspondiente trimestre que va a hacer la SVO, ya sean salidas ornitol\u00f3gicas, censos, cursos de formaci\u00f3n, charlas, presentaciones de libros, congresos de ornitolog\u00eda, festivales de ornitolog\u00eda etc. acompa\u00f1ando la secci\u00f3n con la informaci\u00f3n, ilustraciones y carteler\u00edas de los eventos.<\/p>\n<p style=\"padding-left: 30px;\">\u2022 La siguiente secci\u00f3n es la de <strong>cr\u00f3nicas<\/strong> <strong>de actividades<\/strong> que se hicieron en el anterior trimestre, ya sean salidas ornitol\u00f3gicas de observaci\u00f3n con el Projecte OCA, actividades de educaci\u00f3n ambiental con los proyectos MONAU de cajas nido, AUS y el Projecte Mussols\u2026 Cualquier persona que asisti\u00f3 a esas actividades puede escribir la cr\u00f3nica y publicarla en el bolet\u00edn tras la revisi\u00f3n del coordinador, y aportar su granito de arena a la SVO.<\/p>\n<p style=\"padding-left: 30px;\">En esta misma secci\u00f3n podemos encontrar publicados los <strong>resultados<\/strong> <strong>de los censos<\/strong> que lleva realizando la SVO algunos de ellos desde hace ya 20 a\u00f1os.\u00a0Tambi\u00e9n le acompa\u00f1an <strong>art\u00edculos de divulgaci\u00f3n ambiental<\/strong> <strong>y tambi\u00e9n de denuncia<\/strong> como los que hacen por ejemplo los compa\u00f1eros de <em>SVO-Electrocuciones.<\/em><\/p>\n<p style=\"padding-left: 30px;\">\u2022 En la pen\u00faltima secci\u00f3n llamada <strong>El rac\u00f3 del lector<\/strong> podremos encontrar recomendaciones literarias relacionadas con la naturaleza, donde se pueden ver las rese\u00f1as de dichos libros.<\/p>\n<p style=\"padding-left: 30px;\">\u2022 Y por \u00faltimo en la secci\u00f3n <strong>Altres temes<\/strong> podremos ver las condiciones de pr\u00e9stamo de libros de nuestra biblioteca, como te puedes dar de alta de socio de la SVO, donde puedes encontrarnos y c\u00f3mo puedes recibir el bolet\u00edn.<\/p>\n<p><img loading=\"lazy\" decoding=\"async\" class=\"aligncenter size-full wp-image-2969\" src=\"https:\/\/svornitologia.org\/wp-content\/uploads\/2020\/03\/Teu2.jpg\" alt=\"\" width=\"963\" height=\"692\" srcset=\"https:\/\/svornitologia.org\/wp-content\/uploads\/2020\/03\/Teu2.jpg 963w, https:\/\/svornitologia.org\/wp-content\/uploads\/2020\/03\/Teu2-300x216.jpg 300w, https:\/\/svornitologia.org\/wp-content\/uploads\/2020\/03\/Teu2-768x552.jpg 768w\" sizes=\"auto, (max-width: 963px) 100vw, 963px\" \/>As\u00ed pues, uno de los objetivos de este bolet\u00edn, es tener una <strong>memoria de todas las actividades que la SVO ha hecho y que por supuesto seguir\u00e1 haciendo<\/strong>.<\/p>\n<p>La estructura de nuestro bolet\u00edn El Teulad\u00ed est\u00e1 sujeta a cambios, pues podr\u00e1 ir ampliando o modificando contenidos.<\/p>\n<p>Para reducir la huella ecol\u00f3gica, este bolet\u00edn tiene un formato digital y todo aquel que quiera recibirlo lo puede conseguir <strong>GRATUITAMENTE<\/strong> enviando un e-mail con el asunto <strong>ALTA TEULAD\u00cd a\u00a0<a href=\"mailto:svornitologia@gmail.com\" target=\"_blank\" rel=\"noopener\">svornitologia@gmail.com<\/a>.<\/strong><\/p>\n<p>\u00a1Salud y p\u00e1jaros en la cabeza!<\/p>\n<p><strong>\u00a0 \u00a0 \u00a0 \u00a0 \u00a0 \u00a0 \u00a0 \u00a0 \u00a0 \u00a0EL TEULAD\u00cd<\/strong><br \/>\n<strong>\u00a0 \u00a0 \u00a0 \u00a0 \u00a0 \u00a0 \u00a0 \u00a0 \u00a0 \u00a0Publicado por:<\/strong> Societat Valenciana d&#8217;Ornitologia.\u00a0 www.svornitologia.org, Telf.: 676 542 322.<br \/>\n<strong>\u00a0 \u00a0 \u00a0 \u00a0 \u00a0 \u00a0 \u00a0 \u00a0 \u00a0 \u00a0Lugar de edici\u00f3n:<\/strong> C\/ Pintor Vel\u00e1zquez, 3. 46100 Burjassot (Val\u00e8ncia).<\/p>\n<p style=\"text-align: center;\"><strong>N\u00daMEROS DE <em>EL TEULAD\u00cd<\/em>.<\/strong><\/p>\n<p style=\"text-align: center;\"><a href=\"https:\/\/drive.google.com\/file\/d\/1FuB3EuWw2knww5hSdl5O_gZmlwdzCLC8\/view?usp=sharing\" target=\"_blank\" rel=\"noopener\">n\u00ba1: 4\u00ba trimestre 2018<\/a><\/p>\n<p style=\"text-align: center;\"><a href=\"https:\/\/drive.google.com\/file\/d\/1D413GVTmM1XdxlKqJxLc4WILV-fKNlgc\/view?usp=sharing\" target=\"_blank\" rel=\"noopener\">n\u00ba2: 1er trimestre 2019<\/a><\/p>\n<p style=\"text-align: center;\"><a href=\"https:\/\/drive.google.com\/file\/d\/1w_wmOAumhRvezYebYVRoTS2QdfA9agnv\/view?usp=sharing\" target=\"_blank\" rel=\"noopener\">n\u00ba3: 2\u00ba trimestre 2019<\/a><\/p>\n<p style=\"text-align: center;\"><a href=\"https:\/\/drive.google.com\/file\/d\/1XXT5Wd3PaZ6ynJfhKRX04iD8uJFGS12y\/view?usp=sharing\" target=\"_blank\" rel=\"noopener\">n\u00ba4: 3er trimestre 2019<\/a><\/p>\n<p style=\"text-align: center;\"><a href=\"https:\/\/drive.google.com\/file\/d\/1zzdSyAkNpiFO4P0cqyA-Mp921-NwTDlZ\/view?usp=sharing\" target=\"_blank\" rel=\"noopener\">n\u00ba5: 4\u00ba trimestre 2019<\/a><\/p>\n<p style=\"text-align: center;\"><a href=\"https:\/\/drive.google.com\/file\/d\/1qM-eAdzxnCoiLEiPsR8n7vNQaiKop81z\/view?usp=sharing\" target=\"_blank\" rel=\"noopener\">n\u00ba6: 1er trimestre 2020<\/a><\/p>\n<p style=\"text-align: center;\"><a href=\"https:\/\/drive.google.com\/file\/d\/1OzcX34-xTpWJXvJJfd6PxiMP6JM2XJZq\/view?usp=sharing\" target=\"_blank\" rel=\"noopener\">n\u00ba7: 2\u00ba trimestre 2020<\/a><\/p>\n<p style=\"text-align: center;\"><a href=\"https:\/\/drive.google.com\/file\/d\/1HkAfGxmmHn39Hy6qbOC28rVwhZtIbWgl\/view?usp=sharing\" target=\"_blank\" rel=\"noopener\">n\u00ba8: 3er trimestre 2020<\/a><\/p>\n<p style=\"text-align: center;\"><a href=\"https:\/\/drive.google.com\/file\/d\/12PD5-3mRx4cA1jNE_gXdXln8q9nZDbqZ\/view?usp=sharing\" target=\"_blank\" rel=\"noopener\">n\u00ba9: 4\u00ba trimestre 2020<\/a><\/p>\n<p style=\"text-align: center;\"><a href=\"https:\/\/drive.google.com\/file\/d\/1x-EQgMivTxKVQlWTj8BZylFYDptSnfZ2\/view?usp=sharing\" target=\"_blank\" rel=\"noopener\">n\u00ba10: 1er trimestre 2021<\/a><\/p>\n<p style=\"text-align: center;\"><a href=\"https:\/\/drive.google.com\/file\/d\/1x2WRr3CYY4wyb9i3Y0ruIrPoZDXvQWsf\/view?usp=sharing\" target=\"_blank\" rel=\"noopener\">n\u00ba11: 2\u00ba trimestre 2021<\/a><\/p>\n<p style=\"text-align: center;\"><a href=\"https:\/\/drive.google.com\/file\/d\/1whaZQdnne7haq_0JkqsErMgBASk3tCae\/view?usp=sharing\" target=\"_blank\" rel=\"noopener\">n\u00ba12: 3er trimestre 2021<\/a><\/p>\n<p style=\"text-align: center;\"><a href=\"https:\/\/drive.google.com\/file\/d\/1AVQOouQNcYcaBEzwzrrvng-Z61MQHox9\/view?usp=sharing\" target=\"_blank\" rel=\"noopener\">n\u00ba13: 4\u00ba trimestre 2021<\/a><\/p>\n<p style=\"text-align: center;\"><a href=\"https:\/\/drive.google.com\/file\/d\/1ReYWMtWzBnK-A8ZOBzOGzEdXc7-SeNSd\/view?usp=sharing\" target=\"_blank\" rel=\"noopener\">n\u00ba14: 1er trimestre 2022<\/a><\/p>\n<p style=\"text-align: center;\"><a href=\"https:\/\/drive.google.com\/file\/d\/1UnzkfTpd93ZXGPMZteX35Qxnu8V2MFEi\/view?usp=sharing\" target=\"_blank\" rel=\"noopener\">n\u00ba15: 2\u00ba trimestre 2022<\/a><\/p>\n<p style=\"text-align: center;\"><a href=\"https:\/\/drive.google.com\/file\/d\/1qnRn-fXIGIjwKp4wwUMCkwnbZ7uUXDog\/view?usp=sharing\" target=\"_blank\" rel=\"noopener\">n\u00ba16: 3er trimestre 2022<\/a><\/p>\n<p style=\"text-align: center;\"><a href=\"https:\/\/drive.google.com\/file\/d\/1Yic-pUTLMmVVmO56y6DTUlw4AZS83IJT\/view?usp=sharing\" target=\"_blank\" rel=\"noopener\">n\u00ba17: 4\u00ba trimestre 2022<\/a><\/p>\n<p style=\"text-align: center;\"><a href=\"https:\/\/drive.google.com\/file\/d\/1YeOq3sGdaw32NeLxlri0rZ62m50TEVfJ\/view?usp=sharing\" target=\"_blank\" rel=\"noopener\">n\u00ba18: 1er trimestre 2023<\/a><\/p>\n<p style=\"text-align: center;\"><a href=\"https:\/\/drive.google.com\/file\/d\/1hM2ZBp49c8MWPp9l28IkJ1RNwxEkCnQI\/view?usp=sharing\" target=\"_blank\" rel=\"noopener\">n\u00ba19: 2\u00ba trimestre 2023<\/a><\/p>\n<p style=\"text-align: center;\"><a href=\"https:\/\/drive.google.com\/file\/d\/1gvJyHrAcPVTu3z898K9DU6NYmJIyYKpu\/view?usp=drive_link\" target=\"_blank\" rel=\"noopener\">n\u00ba20: 3\u00ba trimestre 2023<\/a><\/p>\n<p style=\"text-align: center;\"><a href=\"https:\/\/drive.google.com\/file\/d\/1nj4flAxOraGLQq_AWzsBIC04-OFeJS83\/view?usp=drive_link\" target=\"_blank\" rel=\"noopener\">n\u00ba21: 4\u00ba trimestre 2023<\/a><\/p>\n<p style=\"text-align: center;\"><a href=\"https:\/\/drive.google.com\/file\/d\/1J5PudLXrYnbpUEyuNTpByu3oeciP1E_f\/view?usp=drive_link\" target=\"_blank\" rel=\"noopener\">n\u00ba22: 1er trimestre 2024<\/a><\/p>\n<p style=\"text-align: center;\"><a href=\"https:\/\/drive.google.com\/file\/d\/1Wax8wmuDBA52mJkuZ8ztMa4TJ2lujmBS\/view?usp=drive_link\" target=\"_blank\" rel=\"noopener\">n\u00ba23: 2\u00ba trimestre 2024<\/a><\/p>\n<p style=\"text-align: center;\"><a href=\"https:\/\/drive.google.com\/file\/d\/1iddKKAFl7Vgo_wngRg8LmAEy-3RvEK3Y\/view?usp=drive_link\" target=\"_blank\" rel=\"noopener\">n\u00ba24: 4\u00ba trimestre 2024<\/a><\/p>\n<p style=\"text-align: center;\"><a href=\"https:\/\/drive.google.com\/file\/d\/1bJG_qoQBWX7fxTvf5XDGdRtesScmFqLI\/view?usp=drive_link\" target=\"_blank\" rel=\"noopener\">n\u00ba25: 1er trimestre 2025<\/a><\/p>\n<p style=\"text-align: center;\"><a href=\"https:\/\/drive.google.com\/file\/d\/1xnuSEc4sFj8Qg3I-RJSVKusN2MvuWYQg\/view?usp=drive_link\">n\u00ba26: 2\u00ba trimestre 2025<\/a><\/p>\n<p style=\"text-align: center;\"><a href=\"https:\/\/drive.google.com\/file\/d\/1C8iu31Yr2WphSCqhfNwZIlObzyO3cSX8\/view\">n\u00ba27: 3\u00ba trimestre 2025<\/a><\/p>\n<p style=\"text-align: center;\"><a href=\"https:\/\/drive.google.com\/file\/d\/1z4XCLYE4iPLN6Cl5QmIk4Z2plEu5DFpP\/view\">n\u00ba28: 4\u00ba trimestre 2025<\/a><\/p>\n<p style=\"text-align: center;\"><a href=\"https:\/\/drive.google.com\/file\/d\/1MKeGtJtiJXgeku5T-WJHrgxTpZsuHdN_\/view\">n\u00ba29: 1er trimestre 2026<\/a><\/p>\n<p><img loading=\"lazy\" decoding=\"async\" class=\"aligncenter size-full wp-image-2968\" src=\"https:\/\/svornitologia.org\/wp-content\/uploads\/2020\/03\/Teu3.jpg\" alt=\"\" width=\"936\" height=\"705\" srcset=\"https:\/\/svornitologia.org\/wp-content\/uploads\/2020\/03\/Teu3.jpg 936w, https:\/\/svornitologia.org\/wp-content\/uploads\/2020\/03\/Teu3-300x226.jpg 300w, https:\/\/svornitologia.org\/wp-content\/uploads\/2020\/03\/Teu3-768x578.jpg 768w\" sizes=\"auto, (max-width: 936px) 100vw, 936px\" \/><\/p>\n","protected":false},"excerpt":{"rendered":"<p>El Teulad\u00ed es nuestro bolet\u00edn trimestral de actividades que naci\u00f3 en el segundo semestre de 2018 y que es el resultado de la evoluci\u00f3n de la Circular de actividades de la SVO que se llevaba realizando desde 2006. La coordinaci\u00f3n de la Circular propuso transformarla en el bolet\u00edn que ahora conocemos, en primer lugar mejorando [&hellip;]<\/p>\n","protected":false},"author":1,"featured_media":0,"parent":0,"menu_order":0,"comment_status":"closed","ping_status":"closed","template":"","meta":{"footnotes":""},"class_list":["post-2962","page","type-page","status-publish","hentry","clearfix"],"_links":{"self":[{"href":"https:\/\/svornitologia.org\/es\/wp-json\/wp\/v2\/pages\/2962","targetHints":{"allow":["GET"]}}],"collection":[{"href":"https:\/\/svornitologia.org\/es\/wp-json\/wp\/v2\/pages"}],"about":[{"href":"https:\/\/svornitologia.org\/es\/wp-json\/wp\/v2\/types\/page"}],"author":[{"embeddable":true,"href":"https:\/\/svornitologia.org\/es\/wp-json\/wp\/v2\/users\/1"}],"replies":[{"embeddable":true,"href":"https:\/\/svornitologia.org\/es\/wp-json\/wp\/v2\/comments?post=2962"}],"version-history":[{"count":46,"href":"https:\/\/svornitologia.org\/es\/wp-json\/wp\/v2\/pages\/2962\/revisions"}],"predecessor-version":[{"id":4163,"href":"https:\/\/svornitologia.org\/es\/wp-json\/wp\/v2\/pages\/2962\/revisions\/4163"}],"wp:attachment":[{"href":"https:\/\/svornitologia.org\/es\/wp-json\/wp\/v2\/media?parent=2962"}],"curies":[{"name":"wp","href":"https:\/\/api.w.org\/{rel}","templated":true}]}}