{"id":1162,"date":"2018-05-08T17:02:12","date_gmt":"2018-05-08T17:02:12","guid":{"rendered":"https:\/\/svornitologia.org\/?page_id=1162"},"modified":"2024-12-17T13:32:14","modified_gmt":"2024-12-17T12:32:14","slug":"recursos-de-prensa","status":"publish","type":"page","link":"https:\/\/svornitologia.org\/es\/recursos-de-prensa\/","title":{"rendered":"RECURSOS DE PRENSA"},"content":{"rendered":"<p style=\"text-align: justify;\"><strong>Recursos de prensa:<\/strong><\/p>\n<p style=\"text-align: justify;\">Desde su origen, la <em>Societat Valenciana d\u2019Ornitologia<\/em> ha intentado informar por todos los medios disponibles tanto de las actividades realizadas como de cualquier tema relacionado con la conservaci\u00f3n del Medio Natural.<\/p>\n<p style=\"text-align: justify;\">A continuaci\u00f3n se muestra un listado de algunas de las notas de prensa enviadas por la propia asociaci\u00f3n as\u00ed como las noticias publicadas en prensa escrita en las que nos hayan citado (medios digitales).<\/p>\n<p style=\"text-align: justify;\">Realmente no aparecen todas las comunicaciones, ya que muchas se encuentran desindexadas y nos es dif\u00edcil recuperarlas, no obstante aqu\u00ed va un buen n\u00famero de noticias, intentaremos tener actualizado el listado.<\/p>\n<p><em>(Click sobre la nota o art\u00edculo para entrar).<\/em><\/p>\n<p><strong>NOTAS DE PRENSA ELABORADAS POR LA SVO:<\/strong><\/p>\n<ul>\n<li><a href=\"https:\/\/drive.google.com\/file\/d\/11RDdZ6S0aLFh5x13RFo4Y8WSSiuHNU65\/view?usp=sharing\" target=\"_blank\" rel=\"noopener\">Caza y conservaci\u00f3n en la Comunitat Valenciana: las especies menguan pero se siguen cazando<\/a> (21\/12\/2021).<\/li>\n<li><a href=\"https:\/\/drive.google.com\/file\/d\/1S13Nu_Pq4RfRAYbmjj9L9ag25OosrQkD\/view?usp=sharing\" target=\"_blank\" rel=\"noopener\">Exigencias de cumplimiento del Real Decreto 1432\/2008 de Protecci\u00f3n de Avifauna en cuanto a las inspecciones y verificaciones trienales de las l\u00edneas e instalaciones el\u00e9ctricas<\/a> (04\/11\/2021).<\/li>\n<li>En el Valle de Ayora NO: Renovables s\u00ed, pero no as\u00ed (27\/09\/2021). <a href=\"https:\/\/drive.google.com\/file\/d\/14eETtWVk-JuwTB6RTeirk1SeAJGPTh4a\/view?usp=sharing\" target=\"_blank\" rel=\"noopener\">Versi\u00f3n resumida<\/a>. <a href=\"https:\/\/drive.google.com\/file\/d\/1gkOJZOP97wXVtwy-1llZXHuROG8IjPa5\/view?usp=sharing\" target=\"_blank\" rel=\"noopener\">Versi\u00f3n extendida<\/a>.<\/li>\n<li><a href=\"https:\/\/drive.google.com\/file\/d\/1lmisLsEmeaU_F7fePBidlgiD5l6yT-ba\/view?usp=sharing\" target=\"_blank\" rel=\"noopener\">Aluvi\u00f3n de alegaciones de grupos conservacionistas a la revisi\u00f3n del cat\u00e1logo valenciano de especies amenazadas. El caso del chorlitejo patinegro<\/a>\u00a0(23\/04\/2021).<\/li>\n<li><a href=\"https:\/\/drive.google.com\/file\/d\/1JQ9M25xOW4JasjexbVVUcWKmp2QfYxYy\/view?usp=sharing\" target=\"_blank\" rel=\"noopener\">Deber\u00edan estar protegidas, pero se siguen cazando<\/a> (16\/04\/2021).<\/li>\n<li><a href=\"https:\/\/drive.google.com\/file\/d\/1CbnHhcbPvAHKWtSj-OhXuUAkNZdRc3GY\/view?usp=sharing\" target=\"_blank\" rel=\"noopener\">Entidades conservacionistas lamentan la inexistencia de cambios significativos en la nueva propuesta de la Generalitat Valenciana para proteger a las aves frente a los tendidos el\u00e9ctricos<\/a> (10\/11\/2020).<\/li>\n<li><a href=\"https:\/\/drive.google.com\/open?id=14hPs7PUaxK5dzgxPDgR4BMZj6EAoLwoN\" target=\"_blank\" rel=\"noopener\">ONGs reclaman a las compa\u00f1\u00edas el\u00e9ctricas medidas para detener las electrocuciones<\/a> (junto a varias ONGs, 18\/05\/2020).<\/li>\n<li><a href=\"https:\/\/drive.google.com\/open?id=1pn0gqQdqa6nUYtWtmuBTV2DKWHWZKSf4\" target=\"_blank\" rel=\"noopener\">La SVO propone a la Generalitat que los tendidos el\u00e9ctricos sean seguros para las aves en toda la Comunitat Valenciana<\/a>\u00a0(25\/02\/2020).<\/li>\n<li><a href=\"https:\/\/drive.google.com\/file\/d\/1njg3IFFBdEo6wd9rLl1aDcY8-QuxGt2J\/view?fbclid=IwAR1jxTxllQkU6z2ipNu94RO_dXUxaLb7NmTd5lXRBFApoatUYWoAmcysa6o\" target=\"_blank\" rel=\"noopener\">150 a\u00f1os para corregir los tendidos el\u00e9ctricos que matan aves protegidas en la Comunitat Valenciana<\/a> (18\/12\/2019).<\/li>\n<li><a href=\"https:\/\/drive.google.com\/file\/d\/1oKaUNinXjc0HDUGYnhZOBiFJgicXf-D4\/view?fbclid=IwAR0WhN06oRkZTABPDRm188WdR8z7AFuDujzZyShHQ82nZ1AQzzbBjofNA7U\" target=\"_blank\" rel=\"noopener\">Un tendido el\u00e9ctrico propiedad de Iberdrola causa la muerte de un \u00e1guila real en Camporrobles<\/a> (02\/12\/2019).<\/li>\n<li><a href=\"https:\/\/drive.google.com\/open?id=1-Jq1jB31qG7XFUf8E1XoFCwHVhiBIbep\" target=\"_blank\" rel=\"noopener\">Otra \u00e1guila perdicera muerta en un tendido el\u00e9ctrico de la Comunitat Valenciana<\/a>\u00a0(21\/11\/2019).<\/li>\n<li><a href=\"https:\/\/drive.google.com\/open?id=1hdjCzLXmA7KeqG-o-xB7HYNIAiEasNh3\" target=\"_blank\" rel=\"noopener\">Caza de aves acu\u00e1ticas en los humedales valencianos<\/a> (28\/01\/2019).<\/li>\n<li><a href=\"https:\/\/drive.google.com\/open?id=1cW0vzDI4lqntVK3AnhA1xIV0dOYJUb28\" target=\"_blank\" rel=\"noopener\">Incendio de Llutxent, efecto sobre poblaciones de aves<\/a> (28\/08\/2018).<\/li>\n<li><a href=\"https:\/\/drive.google.com\/open?id=130EgNqwWBTdLPkti5b2QXKK4kzDwgeu3\" target=\"_blank\" rel=\"noopener\">Contra la autorizaci\u00f3n de batida de caza mayor en periodo reproductor de \u00e1guila perdicera<\/a> (12\/02\/2017).<\/li>\n<li><a href=\"https:\/\/drive.google.com\/open?id=1kwNj288ATw8Eq1NpCJY-pXef1ubnL5cE\" target=\"_blank\" rel=\"noopener\">Desforestaci\u00f3 al cor del Parc Natural de la Serra Calderona<\/a> (junto a AE-Agr\u00f3, 12\/03\/2016).<\/li>\n<li><a href=\"https:\/\/drive.google.com\/open?id=1vy4ShtjM29_W3OuJuujRM5qHr5x-A2_K\" target=\"_blank\" rel=\"noopener\">Convocatoria Albufera de les Aus<\/a> (junto a varias ONGs y empresas de birding, 02\/10\/2015).<\/li>\n<li><a href=\"https:\/\/drive.google.com\/open?id=1Tjq_Q-g7kOErU8D9oIYVlaNzPWehKwuP\" target=\"_blank\" rel=\"noopener\">Las urracas no son un problema ambiental<\/a> (04\/01\/2014).<\/li>\n<li><a href=\"https:\/\/drive.google.com\/open?id=1jktFDFMb54Q2F63P682pc2kwaTZuvABv\" target=\"_blank\" rel=\"noopener\">Contra la autorizaci\u00f3n del estudio de la migraci\u00f3n de aves con empleando el parany<\/a> (11\/10\/2013).<\/li>\n<li><a href=\"https:\/\/drive.google.com\/open?id=1Qi0rvTwDl7DLQO4xnbQ6qrAwGz-542Su\" target=\"_blank\" rel=\"noopener\">Exposici\u00f3n fotogr\u00e1fica SVO &#8211; Mirades d&#8217;au en el campus de la EPSG<\/a> (junto a la UPV, 09\/01\/2012).<\/li>\n<\/ul>\n<p><strong>ARTICLES DE PREMSA EN ELS QUALS SE CITA A LA SVO:<\/strong><\/p>\n<ul>\n<li><a href=\"https:\/\/www.elperiodicomediterraneo.com\/comarcas\/2024\/10\/08\/benicassim-flamenco-playa-voramar-castellon-migracion-dv-109064777.html\" target=\"_blank\" rel=\"noopener\">Nuevos &#8220;turistas&#8221; en Benic\u00e0ssim: Un flamenco acapara los focos en la playa del Voramar<\/a> (El Peri\u00f3dico Mediterr\u00e1neo, 08\/10\/2024).<\/li>\n<li><a href=\"https:\/\/www.lanucia.es\/Actualidad\/noticia\/33869-LaNucia-Dia-Mundial-Aves-actividades-SVO\" target=\"_blank\" rel=\"noopener\">La Nuc\u00eda celebra el D\u00eda Mundial de las Aves con actividades<\/a> (lanucia.es, 03\/10\/2024).<\/li>\n<li><a href=\"https:\/\/iv.revistalocal.es\/eventos\/excursion-reivindicativa-dia-aves-macroplantas-solares-requena\/\" target=\"_blank\" rel=\"noopener\">La Societat Valenciana d\u2019Ornitologia en contra de la instalaci\u00f3n de las macroplantas solares en Requena<\/a> (iv.revistalocal, 01\/10\/2024).<\/li>\n<li><a href=\"https:\/\/www.elperiodic.com\/val\/pvalencia\/confirmada-presencia-estiu-corriol-camanegre-platja-rafalell-vistabella_977337\" target=\"_blank\" rel=\"noopener\">Confirmada la pres\u00e8ncia, un estiu m\u00e9s, del corriol camanegre a la platja de Rafalell i Vistabella<\/a> (elperiodic.com, 03\/09\/2024).<\/li>\n<li><a href=\"https:\/\/www.noticiascv.com\/alarma-entre-las-ongs-conservacionistas-ante-la-posible-autorizacion-del-parany-con-cesto-malla\/\" target=\"_blank\" rel=\"noopener\">Alarma entre las ONGs conservacionistas ante la posible autorizaci\u00f3n del parany con cesto malla<\/a> (Noticias CV, 29\/08\/2024).<\/li>\n<li><a href=\"https:\/\/valenciaplaza.com\/gobierno-aprueba-construccion-parque-solar-fotovoltaico-requena-125-mw\" target=\"_blank\" rel=\"noopener\">El Gobierno aprueba la construcci\u00f3n del parque solar fotovoltaico en Requena de 125 MW<\/a> (Valencia Plaza, 16\/07\/2024).<\/li>\n<li><a href=\"https:\/\/www.levante-emv.com\/comunitat-valenciana\/2024\/01\/05\/aguila-imperial-muere-electrocutada-tendido-96560603.html\" target=\"_blank\" rel=\"noopener\">Un \u00e1guila imperial muere electrocutada en un tendido el\u00e9ctrico en Requena<\/a> (Levante EMV, 01\/05\/2024).<\/li>\n<li><a href=\"https:\/\/www.elperiodic.com\/lanucia\/instituto-nucia-instala-cajas-nido-para-estudio-seguimiento_946031\" target=\"_blank\" rel=\"noopener\">El Instituto La Nuc\u00eda instala cajas nido para su estudio y seguimiento<\/a> (elperiodic.com, 20\/02\/2024).<\/li>\n<li><a href=\"https:\/\/iv.revistalocal.es\/3-rapaces-han-muerto-electrocutadas-nuestra-comarca-menos-semana\/\" target=\"_blank\" rel=\"noopener\">3 Rapaces han muerto electrocutadas en nuestra comarca en menos de una semana: un \u00e1guila imperial, un b\u00faho real y un halc\u00f3n peregrino<\/a> (iv.revista local, 07\/01\/2024).<\/li>\n<li><a href=\"https:\/\/www.lanucia.es\/Actualidad\/noticia\/30076-La-Nucia-sera-la-Sede-Provincial-Societat-Valenciana-Ornitologia\" target=\"_blank\" rel=\"noopener\">La Nuc\u00eda ser\u00e1 la Sede Provincial de la Societat Valenciana d\u2019Ornitologia<\/a> (lanucia.es, 24\/11\/2023).<\/li>\n<li><a href=\"https:\/\/www.noticiascv.com\/la-svo-logra-censar-desde-el-cerro-carpio-de-sinarcas-1-087-ejemplares-de-aves-rapaces-en-migracion\/\" target=\"_blank\" rel=\"noopener\">La SVO logra censar desde el cerro Carpio de Sinarcas 1.087 ejemplares de aves rapaces en migraci\u00f3n<\/a> (Noticias CV, 24\/10\/23).<\/li>\n<li><a href=\"https:\/\/www.noticiascv.com\/xativa-i-la-svo-organitzen-la-jornada-caixes-niu-per-conscienciar-sobre-lhabitatge-dels-ocells-a-la-ciutat\/\" target=\"_blank\" rel=\"noopener\">X\u00e0tiva i la SVO organitzen la jornada &#8216;Caixes Niu&#8217; per conscienciar sobre l&#8217;habitatge dels ocells a la ciutat<\/a> (Noticias CV, 24\/10\/23).<\/li>\n<li><a href=\"https:\/\/www.noticiascv.com\/la-svo-observo-2885-aves-rapaces-en-migracion-de-20-especies-diferentes-en-la-comunitat-valenciana-en-2022\/\" target=\"_blank\" rel=\"noopener\">La SVO observ\u00f3 2885 aves rapaces en migraci\u00f3n de 20 especies diferentes en la Comunitat Valenciana en 2022<\/a> (Noticias CV, 15\/09\/2023).<\/li>\n<li><a href=\"https:\/\/www.lasprovincias.es\/comarcas\/vecinos-siete-aguas-presentan-200-firmas-parques-20230825001942-nt.html\" target=\"_blank\" rel=\"noopener\">Vecinos de Siete Aguas presentan 200 firmas contra los parques e\u00f3licos previstos en la Sierra de Tejo y Sierra de Chiva<\/a> (Las Provincias, 26\/08\/2023).<\/li>\n<li><a href=\"https:\/\/www.noticiascv.com\/la-delegacion-de-requena-utiel-de-la-societat-valenciana-dornitologia-recibe-el-premio-meseta-del-cabriel\/\" target=\"_blank\" rel=\"noopener\">La Delegaci\u00f3n de Requena-Utiel de la Societat Valenciana d\u2019Ornitologia recibe el premio &#8216;Meseta del Cabriel&#8217;<\/a> (iv.revistalocal, 04\/08\/2023).<\/li>\n<li><a href=\"https:\/\/www.noticiascv.com\/la-muerte-de-un-aguila-culebrera-en-chera-evidencia-una-gran-asignatura-pendiente-en-medio-ambiente\/\" target=\"_blank\" rel=\"noopener\">La muerte de un \u00e1guila culebrera en Chera evidencia una gran asignatura pendiente en Medio Ambiente<\/a> (Noticias CV, 19\/07\/2023).<\/li>\n<li><a href=\"https:\/\/iv.revistalocal.es\/cronica-dia-naturaleza-sinarcas\/\" target=\"_blank\" rel=\"noopener\">Cr\u00f3nica del d\u00eda de naturaleza en Sinarcas<\/a> (iv.revistalocal, 27\/06\/2023).<\/li>\n<li><a href=\"https:\/\/alicanteplaza.es\/benidorm-consigue-tres-millones-de-fondos-next-generation-para-su-adaptacion-al-cambio-climatico\" target=\"_blank\" rel=\"noopener\">Benidorm consigue tres millones de fondos Next Generation para su adaptaci\u00f3n al cambio clim\u00e1tico<\/a> (Alicante Plaza, 23\/06\/2023).<\/li>\n<li><a href=\"https:\/\/valencianews.es\/comarcas\/la-diputacion-de-valencia-colabora-con-el-proyecto-ca-mussols-de-la-sociedad-valenciana-de-ornitologia\/\" target=\"_blank\" rel=\"noopener\">La Diputaci\u00f3n de Valencia colabora con el proyecto \u2018Ca Mussols\u2019 de la Sociedad Valenciana de Ornitolog\u00eda<\/a> (Valencia News, 22\/05\/2023).<\/li>\n<li><a href=\"https:\/\/www.levante-emv.com\/horta\/2023\/03\/23\/chj-paraliza-limpieza-carraixet-danos-85028758.html\" target=\"_blank\" rel=\"noopener\">La CHJ paraliza la limpieza en el Carraixet por los da\u00f1os a las aves<\/a> (Levante EMV, 23\/03\/2023).<\/li>\n<li><a href=\"https:\/\/alicanteplaza.es\/ongs-naturalistas-solicitan-medidas-urgentes-por-el-grave-estado-del-rio-algar\" target=\"_blank\" rel=\"noopener\">ONGs naturalistas solicitan &#8220;medidas urgentes por el grave estado del r\u00edo Algar&#8221;<\/a> (Alicante Plaza, 13\/03\/2023).<\/li>\n<li><a href=\"https:\/\/www.hortanoticias.com\/la-svo-alerta-de-que-la-zona-del-carraixet-que-se-esta-limpiando-esta-llena-de-especies-en-epoca-de-cria\/\" target=\"_blank\" rel=\"noopener\">La SVO alerta de que la zona del Carraixet que se est\u00e1 limpiando est\u00e1 llena de especies en \u00e9poca de cr\u00eda<\/a> (Horta Noticias, 13\/03\/2023).<\/li>\n<li><a href=\"https:\/\/www.noticiascv.com\/la-chj-arrasa-el-ultimo-tramo-del-barranc-del-carraixet-con-muchas-especies-en-epoca-de-cria\/\" target=\"_blank\" rel=\"noopener\">La CHJ arrasa el \u00faltimo tramo del Barranc del Carraixet con muchas especies en \u00e9poca de cr\u00eda<\/a> (Noticias CV, 13\/03\/2023).<\/li>\n<li><a href=\"https:\/\/www.noticiascv.com\/50-asociaciones-de-40-municipios-valencianos-reclamaran-energias-renovables-eticas-en-valencia\/\" target=\"_blank\" rel=\"noopener\">50 asociaciones de 40 municipios valencianos reclamar\u00e1n energ\u00edas renovables \u00e9ticas en Valencia<\/a> (Noticias CV, 19\/01\/2023).<\/li>\n<li><a href=\"https:\/\/www.levante-emv.com\/comunitat-valenciana\/requena-utiel\/2023\/01\/09\/societat-valenciana-dornitologia-alega-plan-80314967.html\" target=\"_blank\" rel=\"noopener\">La Societat Valenciana d&#8217;Ornitologia alega contra el Plan E\u00f3lico de Requena-Utiel por su afecci\u00f3n a la fauna y paisaje<\/a> (Levante EMV, 09\/01\/2023).<\/li>\n<li><a href=\"https:\/\/iv.revistalocal.es\/resumen-seguimiento-rapaces-migracion-post-nupcial-cerro-carpio-sinarcas-2021\/\" target=\"_blank\" rel=\"noopener\">Resumen del seguimiento de rapaces en migraci\u00f3n post nupcial desde el Cerro Carpio de Sinarcas en 2021<\/a> (iv.revista local, 04\/01\/2023).<\/li>\n<li><a href=\"https:\/\/iv.revistalocal.es\/agroecologia-y-desarrollo-rural-sostenible-torre-utiel\/\" target=\"_blank\" rel=\"noopener\">Agroecolog\u00eda y desarrollo rural sostenible en la Torre de Utiel<\/a> (iv.revista local, 05\/12\/2022).<\/li>\n<li><a href=\"https:\/\/www.noticiascv.com\/entidades-conservacionistas-consiguen-la-moratoria-en-la-exclusion-de-algunas-especies-cinegeticas\/\" target=\"_blank\" rel=\"noopener\">Entidades conservacionistas consiguen la moratoria en la exclusi\u00f3n de algunas especies cineg\u00e9ticas<\/a> (Noticias CV, 11\/07\/2022).<\/li>\n<li><a href=\"https:\/\/www.castelloninformacion.com\/riu-millars-cens-poblacio-corbes-marines\/\" target=\"_blank\" rel=\"noopener\">El Consorci del riu Millars censa la poblaci\u00f3 de corbes marines grosses en dormidors<\/a> (Castell\u00f3n Informaci\u00f3n, 16\/06\/2022).<\/li>\n<li><a href=\"https:\/\/www.levante-emv.com\/horta\/2022\/02\/07\/sociedad-ornitologica-censa-3-165-62419262.html\" target=\"_blank\" rel=\"noopener\">La sociedad ornitol\u00f3gica censa 3.165 aves pertenecientes a 33 especies de h\u00e1bitos acu\u00e1ticos<\/a> (Levante EMV, 07\/02\/2022).<\/li>\n<li><a href=\"https:\/\/www.elperiodicomediterraneo.com\/castello-provincia\/2022\/01\/23\/conservacion-aguilucho-riu-millars-mijares-vila-real-medio-ambiente-diputacion-generalitat-svo-61872542.html\" target=\"_blank\" rel=\"noopener\">Buenas noticias para la conservaci\u00f3n del aguilucho lagunero en Castell\u00f3n<\/a> (El Peri\u00f3dico Mediterr\u00e1neo, 23\/01\/2022).<\/li>\n<li><a href=\"https:\/\/www.castelloninformacion.com\/consorci-paisatge-protegit-riu-millars\/\" target=\"_blank\" rel=\"noopener\">El Consorci del Paisatge Protegit del riu Millars ha tornat a participar en el cens d&#8217;arpellot de marjal<\/a> (Castell\u00f3n Informaci\u00f3n, 23\/01\/2022).<\/li>\n<li><a href=\"https:\/\/www.noticiascv.com\/accio-ecologista-agro-presenta-alegacions-al-macroparc-solar-projectat-en-alzira-i-catadau\/\" target=\"_blank\" rel=\"noopener\">Acci\u00f3 Ecologista-Agr\u00f3 presenta al\u00b7legacions al macroparc solar projectat en Alzira i Catadau<\/a> (Noticias CV, 17\/01\/2022).<\/li>\n<li><a href=\"https:\/\/www.elperiodicomediterraneo.com\/castello-provincia\/2021\/12\/26\/cuatro-aves-grave-riesgo-desaparicion-61039080.html\" target=\"_blank\" rel=\"noopener\">Quatre aus en greu risc de desaparici\u00f3 a Castell\u00f3 encara poden ser ca\u00e7ades<\/a> (El Peri\u00f3dico Mediterr\u00e1neo, 26\/12\/2021).<\/li>\n<li><a href=\"https:\/\/www.levante-emv.com\/comunitat-valenciana\/2021\/12\/21\/cinco-aves-declive-deberian-cazarse-60903960.html\" target=\"_blank\" rel=\"noopener\">Cinc aus en declivi que no s&#8217;haurien de ca\u00e7ar<\/a> (Llevant EMV, 26\/12\/2021).<\/li>\n<li><a href=\"https:\/\/www.elperiodic.com\/paterna\/cajas-nido-facilitado-reproduccion-especies-amenazadas-moles-paterna_788102\" target=\"_blank\" rel=\"noopener\">Les caixes niu han facilitat la reproducci\u00f3 d&#8217;esp\u00e8cies amena\u00e7ades a les Moles de Paterna<\/a> (elperiodic.com, 30\/11\/2021).<\/li>\n<li><a href=\"https:\/\/www.levante-emv.com\/horta\/2021\/11\/09\/paseo-patrimonio-avifauna-tremolar-59312661.html\" target=\"_blank\" rel=\"noopener\">Un passeig pel patrimoni i l&#8217;avifauna del Tremolar<\/a> (Levante EMV, 09\/11\/2021).<\/li>\n<li><a href=\"https:\/\/www.noticiascv.com\/sentencia-historica-supremo-electrocucion-aves\/\" target=\"_blank\" rel=\"noopener\">Una sent\u00e8ncia hist\u00f2rica del Suprem dona la ra\u00f3 a ADENSVA i SVO davant l&#8217;electrocuci\u00f3 de les aus en esteses el\u00e8ctriques<\/a> (Not\u00edcies CV, 03\/11\/2021).<\/li>\n<li><a href=\"https:\/\/www.lasprovincias.es\/costera\/muere-aguila-pescadora-20211022162251-nt.html\" target=\"_blank\" rel=\"noopener\">Mor l&#8217;\u00e0guila pescadora rescatada al riu Albaida a X\u00e0tiva<\/a> (Las Provincias, 22\/10\/2021).<\/li>\n<li><a href=\"https:\/\/www.noticiascv.com\/requena-celebra-ii-congreso-de-naturaleza\/\" target=\"_blank\" rel=\"noopener\">Requena celebra del 22 al 24 d&#8217;octubre la segona edici\u00f3 del Congr\u00e9s de Naturalesa<\/a> (Not\u00edcies CV, 16\/10\/2021).<\/li>\n<li><a href=\"https:\/\/www.lasprovincias.es\/comunitat\/frente-comun-plan-20210930181850-nt.html\" target=\"_blank\" rel=\"noopener\">Front com\u00fa contra el Pla Especial per a les renovables d&#8217;Ayora, Jarafuel i Zarra<\/a> (30\/09\/2021).<\/li>\n<li><a href=\"https:\/\/www.lasprovincias.es\/comunitat\/varias-asociaciones-oponen-20210929094948-nt.html\" target=\"_blank\" rel=\"noopener\">Varias asociaciones se oponen a la futura instalaci\u00f3n de plantas fotovoltaicas en el Valle de Ayora<\/a> (Las Provincias, 29\/09\/2021).<\/li>\n<li><a href=\"https:\/\/www.lasprovincias.es\/comunitat\/varias-asociaciones-oponen-20210929094948-nt.html\" target=\"_blank\" rel=\"noopener\">Diverses associacions s&#8217;oposen a la futura instal\u00b7laci\u00f3 de plantes fotovoltaiques a la Vall d&#8217;Uixjorna<\/a> (Las Provincias, 29\/09\/2021).<\/li>\n<li><a href=\"https:\/\/www.noticiascv.com\/xativa-commemora-el-dia-de-les-aus-amb-una-activitat-divulgativa-al-castell\/\" target=\"_blank\" rel=\"noopener\">X\u00e0tiva commemora el Dia de les Aus amb una activitat divulgativa al Castell<\/a> (Noticias CV, 28\/09\/2021).<\/li>\n<li><a href=\"https:\/\/www.eldiario.es\/comunitat-valenciana\/ave-vulnerable-chorlitejo-patinegro-vuelve-criar-playas-valencianas-gracias-ecologistas-voluntarios_1_8260527.html\" target=\"_blank\" rel=\"noopener\">Un ocell vulnerable, el xori\u00e7o patinegre, torna a criar a les platges valencianes gr\u00e0cies a ecologistes voluntaris<\/a> (eldiario.es, 31\/08\/2021).<\/li>\n<li><a href=\"https:\/\/www.noticiascv.com\/reforma-del-catalogo-de-especies-amenazadas-del-consell-no-convence-a-los-grupos-conservacionistas\/\" target=\"_blank\" rel=\"noopener\">La reforma del Cat\u00e1logo de Especies Amenazadas del Consell no convence a los grupos conservacionistas<\/a> (Noticias CV, 23\/04\/2021).<\/li>\n<li><a href=\"https:\/\/valenciaplaza.com\/los-ornitologos-valencianos-alertan-de-que-cinco-especies-de-aves-cinegeticas-estan-en-riesgo-de-desaparicion\" target=\"_blank\" rel=\"noopener\">Els ornit\u00f2legs valencians alerten que cinc esp\u00e8cies d&#8217;aus cineg\u00e8tiques estan en risc de desaparici\u00f3<\/a> (Val\u00e8ncia Pla\u00e7a, 17\/04\/2021).<\/li>\n<li><a href=\"https:\/\/www.levante-emv.com\/comunitat-valenciana\/2021\/04\/16\/cinco-aves-valencianas-peligro-desaparicion-48413584.html\" target=\"_blank\" rel=\"noopener\">Les cinc aus valencianes en perill de desaparici\u00f3<\/a> (Levante EMV, 16\/04\/2021).<\/li>\n<li><a href=\"https:\/\/www.levante-emv.com\/horta\/2021\/04\/14\/nueva-ruta-sociedad-ornitologia-burjassot-47550822.html\" target=\"_blank\" rel=\"noopener\">Nova ruta de la societat d&#8217;ornitologia de Burjassot<\/a> (Levante EMV, 14\/04\/2021).<\/li>\n<li><a href=\"https:\/\/www.levante-emv.com\/horta\/2021\/03\/26\/atles-dels-ocells-valencia-realidad-45905818.html\" target=\"_blank\" rel=\"noopener\">L&#8217;Atles dels Ocells de Val\u00e8ncia ja \u00e9s una realitat<\/a> (Levante EMV, 26\/03\/2021).<\/li>\n<li><a href=\"https:\/\/www.noticiascv.com\/muere-electrocutado-un-ejemplar-de-aguila-perdicera-en-ayodar\/\" target=\"_blank\" rel=\"noopener\">Muere electrocutado un ejemplar de \u00e1guila perdicera en Ribesalbes<\/a> (Noticias CV, 10\/03\/2021).<\/li>\n<li><a href=\"https:\/\/www.europapress.es\/comunitat-valenciana\/noticia-sociedad-valenciana-ornitologia-reclama-medidas-evitar-electrocucion-aves-tendidos-electricos-20200225111157.html\" target=\"_blank\" rel=\"noopener\">La Societat Valenciana d&#8217;Ornitologia reclama mesures per a evitar l&#8217;electrocuci\u00f3 d&#8217;aus en esteses el\u00e8ctriques<\/a> (Europa press, 25\/02\/2021).<\/li>\n<li><a href=\"https:\/\/www.informacion.es\/vega-baja\/2021\/02\/13\/pedrera-humedal-interior-mayor-censo-34696808.html\" target=\"_blank\" rel=\"noopener\">La Pedrera \u00e9s l&#8217;aiguamoll interior amb major cens d&#8217;aus de la Comunitat<\/a> (Diari Informaci\u00f3, 13\/02\/2021).<\/li>\n<li><a href=\"https:\/\/www.eldiario.es\/comunitat-valenciana\/alicante\/ecologistas-llevan-fiscalia-alicante-roturacion-zona-protegida-moratillas-almela-habitan-ultimas-aves-esteparias-protegidas_1_7215704.html\" target=\"_blank\" rel=\"noopener\">Ecologistes porten a la Fiscalia d&#8217;Alacant la rompuda de la zona protegida de Moratillas-Almela on habiten les \u00faltimes aus estep\u00e0ries protegides<\/a> (eldiario.es, 12\/02\/2021).<\/li>\n<li><a href=\"https:\/\/www.levante-emv.com\/comunitat-valenciana\/2021\/01\/24\/sociedad-ornitologia-critica-permita-cazar-30634974.html\" target=\"_blank\" rel=\"noopener\">La Societat d&#8217;Ornitologia critica que es permeta ca\u00e7ar a l&#8217;Albufera<\/a> (Levante EMV, 24\/01\/2021).<\/li>\n<li><a href=\"https:\/\/www.castelloninformacion.com\/desembocadura-rio-mijares-aguilucho-lagunero-guardia-rural-censo-aves-paisaje-fluvial\/\" target=\"_blank\" rel=\"noopener\">El Consorci del paisatge protegit de la Desembocadura del Mijares registra 300.000 euros (<\/a> castelloninformacion.com, 23\/01\/2021).<\/li>\n<li><a href=\"https:\/\/www.elperiodic.com\/valencia\/lalbufera-paraiso-perdido-flamencos_724899\" target=\"_blank\" rel=\"noopener\">L&#8217;Albufera: el parad\u00eds perdut dels flamencs<\/a> (elperiodic.com, 23\/01\/2021).<\/li>\n<li><a href=\"https:\/\/www.levante-emv.com\/horta\/2021\/01\/20\/colegio-jaume-i-catarroja-coloca-29422186.html\" target=\"_blank\" rel=\"noopener\">El col\u00b7legi Jaume I de Catarroja col\u00b7loca caixes niu<\/a> (Levante EMV, 20\/01\/2021).<\/li>\n<li><a href=\"https:\/\/www.levante-emv.com\/horta\/2020\/12\/24\/societat-d-ornitologia-concluye-atles-26693468.html\" target=\"_blank\" rel=\"noopener\">La Societat d\u2019Ornitologia concluye su \u00abAtles dels ocells de Val\u00e8ncia\u00bb<\/a> (Levante EMV, 24\/12\/2020).<\/li>\n<li><a href=\"https:\/\/www.levante-emv.com\/horta\/2020\/12\/24\/pucol-costera-acoge-ruta-observacion-26693471.html\" target=\"_blank\" rel=\"noopener\">Pu\u00e7ol La Costera acull una ruta d&#8217;observaci\u00f3 de flora i fauna<\/a> (Llevant EMV, 24\/12\/2020).<\/li>\n<li><a href=\"https:\/\/www.noticiascv.com\/encuentran-en-utiel-otro-ejemplar-de-aguila-perdicera-electrocutado-en-un-tendido-electrico\/\" target=\"_blank\" rel=\"noopener\">Encuentran en Utiel otro ejemplar de \u00e1guila perdicera electrocutado en un tendido el\u00e9ctrico<\/a> (Noticias CV, 19\/11\/2020).<\/li>\n<li><a href=\"https:\/\/www.noticiascv.com\/las-entidades-conservacionistas-decepcionadas-con-la-nueva-propuesta-de-la-generalitat-para-proteger-las-aves-frente-a-los-tendidos-electricos\/\" target=\"_blank\" rel=\"noopener\">Las entidades conservacionistas, decepcionadas con la nueva propuesta de la Generalitat para proteger las aves frente a los tendidos el\u00e9ctricos<\/a> (Noticias CV, 10\/11\/2020).<\/li>\n<li><a href=\"https:\/\/www.lavanguardia.com\/vida\/20201110\/49387286325\/ornitologos-piden-al-consell-frenar-la-muerte-de-aves-en-tendidos-electricos.html\" target=\"_blank\" rel=\"noopener\">Ornit\u00f3logos piden al Consell frenar la muerte de aves en tendidos el\u00e9ctricos<\/a> (La Vanguardia, 10\/11\/2020).<\/li>\n<li><a href=\"https:\/\/www.bondia.ad\/societat\/el-cenma-participa-al-segon-congres-dornitologia-de-les-terres-de-parla-catalana\" target=\"_blank\" rel=\"noopener\">El Cenma participa al segon Congr\u00e9s d&#8217;Ornitologia de les Terres de Parla Catalana<\/a> (Bon dia, 12\/10\/2020).<\/li>\n<li><a href=\"https:\/\/www.noticiascv.com\/una-urraca-en-alboraia-nueva-victima-de-los-tendidos-electricos-desprotegidos\/\" target=\"_blank\" rel=\"noopener\">Una urraca en Alboraia, nueva v\u00edctima de los tendidos el\u00e9ctricos desprotegidos<\/a> (Noticias CV, 25\/06\/2020).<\/li>\n<li><a href=\"https:\/\/www.noticiascv.com\/varias-ongs-reclaman-a-las-companias-electricas-medidas-para-detener-las-electrocuciones-de-aves-en-tendidos-electricos\/\" target=\"_blank\" rel=\"noopener\">Diverses ONG \u0301s reclamen a les companyies el\u00e8ctriques mesures per aturar les electrocucions d&#8217;aus en esteses el\u00e8ctriques<\/a> (Not\u00edciesCV, 18\/05\/2020).<\/li>\n<li><a href=\"https:\/\/www.noticiascv.com\/un-aguila-real-muere-en-fuenterrobles-tras-una-lenta-agonia-tras-sufrir-una-electrocucion\/\" target=\"_blank\" rel=\"noopener\">Una \u00e0guila reial mor a Fuenterrobles en una lenta agonia despr\u00e9s de patir una electrocuci\u00f3<\/a> (Not\u00edciesCV, 10\/05\/2020).<\/li>\n<li><a href=\"https:\/\/www.noticiascv.com\/5-ongs-ambientales-piden-a-la-generalitat-la-creacion-de-patrullas-especificas-para-revisar-los-tendidos-electricos\/\" target=\"_blank\" rel=\"noopener\">Cinc ONGs ambientals demanen a la Generalitat la creaci\u00f3 de patrulles espec\u00edfiques per revisar les esteses el\u00e8ctriques<\/a> (Not\u00edciesCV, 28\/04\/2020).<\/li>\n<li><a href=\"https:\/\/www.elperiodic.com\/burjassot\/sociedad-valenciana-ornitologia-propone-actividades-para-semana_677085\" target=\"_blank\" rel=\"noopener\">La Societat Valenciana d&#8217;Ornitologia proposa dues activitats per al cap de setmana<\/a> (elperiodic.com, 24\/04\/2020).<\/li>\n<li><a href=\"https:\/\/valenciaplaza.com\/la-ciudad-se-reconcilia-con-las-aves-ya-podemos-escuchar-hasta-40-especies\" target=\"_blank\" rel=\"noopener\">La ciutat es reconcilia amb les aus: ja podem escoltar fins a 40 esp\u00e8cies<\/a> (Valencia Plaza, 17\/04\/2020).<\/li>\n<li><a href=\"https:\/\/www.elmundo.es\/comunidad-valenciana\/2020\/04\/14\/5e945610fc6c83e7288b45a6.html\" target=\"_blank\" rel=\"noopener\">&#8216;Coronabirding&#8217;: l&#8217;afici\u00f3 d&#8217;avisar ocells per sobrellevar l&#8217;avorriment<\/a> (El Mundo, 14\/04\/2020).<\/li>\n<li><a href=\"https:\/\/www.20minutos.es\/noticia\/4163660\/0\/la-sociedad-valenciana-de-ornitologia-reclama-medidas-para-evitar-la-electrocucion-de-aves-en-tendidos-electricos\/\" target=\"_blank\" rel=\"noopener\">La Societat Valenciana d&#8217;Ornitologia reclama mesures per a evitar l&#8217;electrocuci\u00f3 d&#8217;aus en esteses el\u00e8ctriques<\/a> (20 minuts, 25\/02\/2020).<\/li>\n<li><a href=\"https:\/\/www.elperiodic.com\/burjassot\/societat-valenciana-dornitologia-presenta-nuevo-libro-burjassot_661308\" target=\"_blank\" rel=\"noopener\">La Societat Valenciana d&#8217;Ornitologia presenta un nou llibre a Burjassot<\/a> (elperiodic.com, 22\/01\/2020).<\/li>\n<li><a href=\"https:\/\/www.20minutos.es\/noticia\/4092339\/0\/ornitologos-dicen-que-se-necesitan-150-anos-para-corregir-tendidos-electricos-que-matan-aves-protegidas-en-la-comunitat\/\" target=\"_blank\" rel=\"noopener\">Ornit\u00f2legs diuen que es necessiten 150 anys per corregir esteses el\u00e8ctriques que maten aus protegides a la Comunitat<\/a> (20 minuts, 18\/12\/2019).<\/li>\n<li><a href=\"https:\/\/iv.revistalocal.es\/columnas\/hoces-y-meandros-bravo-cabriel\/\" target=\"_blank\" rel=\"noopener\">Hoces y meandros, el bravo Cabriel<\/a> (iv.revista local, 10\/12\/2019).<\/li>\n<li><a href=\"https:\/\/iv.revistalocal.es\/ayuntamiento-camporrobles-y-societat-valenciana-dornitologia-exigen-soluciones-evitar-muerte-aves-a-causa-tendidos-electricos\/\" target=\"_blank\" rel=\"noopener\">El Ayuntamiento de Camporrobles y la Societat Valenciana D\u2019ornitolog\u00eda exigen soluciones para evitar la muerte de aves a causa de los tendidos el\u00e9ctricos<\/a> (iv.revista local, 09\/12\/2019).<\/li>\n<li><a href=\"https:\/\/www.levante-emv.com\/comunitat-valenciana\/requena-utiel\/2019\/12\/10\/camporrobles-exige-solucion-evitar-muertes\/1954144.html\" target=\"_blank\" rel=\"noopener\">Camporrobles exigeix una soluci\u00f3 per evitar m\u00e9s morts d&#8217;aus en esteses el\u00e8ctriques<\/a> (Llevant EMV, 09\/12\/2019).<\/li>\n<li><a href=\"https:\/\/www.europapress.es\/comunitat-valenciana\/noticia-ornitologos-denuncian-muerte-aves-rapaces-protegidas-tendidos-electricos-no-corregidos-20191202134725.html\" target=\"_blank\" rel=\"noopener\">Ornit\u00f2legs denuncien la mort d&#8217;aus rapinyaires protegides en esteses el\u00e8ctriques no corregides<\/a> (Europa Press, 02\/12\/2019).<\/li>\n<li><a href=\"https:\/\/iv.revistalocal.es\/muere-aguila-real-termino-camporrobles-tendido-electrico-propiedad-iberdrola\/\" target=\"_blank\" rel=\"noopener\">Mor una \u00e0guila real al terme de Camporrobles a causa d&#8217;una estesa el\u00e8ctrica d&#8217;Iberdrola<\/a> (iv.revista local, 02\/12\/2019).<\/li>\n<li><a href=\"https:\/\/www.lavanguardia.com\/vida\/20191121\/471776014667\/muere-un-aguila-perdicera-en-un-tendido-electrico-de-cofrentes.html\" target=\"_blank\" rel=\"noopener\">Mor una \u00e0guila perdiu en una estesa el\u00e8ctrica de Cofrents<\/a> (L&#8217;avantguarda, 21\/11\/2019).<\/li>\n<li><a href=\"https:\/\/valenciaextra.com\/es\/25-aniversario-sociedad-ornitologia-quart-de-poblet\/\" target=\"_blank\" rel=\"noopener\">Quart de Poblet acull el 25 aniversari de la Societat Valenciana d&#8217;Ornitologia<\/a> (Val\u00e8ncia Extra, 07\/10\/2019).<\/li>\n<li><a href=\"https:\/\/iv.revistalocal.es\/columnas\/rio-reatillo-y-fosa-tectonica-chera\/\" target=\"_blank\" rel=\"noopener\">El riu Reatillo i la fossa tect\u00f2nica de Chera<\/a> (iv.revistalocal, 11\/09\/2019).<\/li>\n<li><a href=\"https:\/\/elperiodicodevillena.com\/salvatierra-organiza-una-jornada-para-la-observacion-de-aves-rapaces-en-migracion\/\" target=\"_blank\" rel=\"noopener\">Salvatierra organitza una jornada per a l&#8217;observaci\u00f3 d&#8217;aus rapinyaires en migraci\u00f3<\/a> (El Peri\u00f3dico de Villena, 10\/09\/2019).<\/li>\n<li><a href=\"https:\/\/www.levante-emv.com\/horta\/2019\/09\/05\/nuevas-rutas-huerta-burjassot-proximo\/1918346.html\" target=\"_blank\" rel=\"noopener\">Noves Rutes per l&#8217;Horta de Burjassot, per a la pr\u00f2xima tardor<\/a> (Levante EMV, 05\/09\/2019).<\/li>\n<li><a href=\"https:\/\/iv.revistalocal.es\/columnas\/halcon-peregrino-senor-cantil\/\" target=\"_blank\" rel=\"noopener\">El falc\u00f3 pelegr\u00ed, senyor del cantil<\/a> (iv.revistalocal, 02\/07\/2019).<\/li>\n<li><a href=\"https:\/\/iv.revistalocal.es\/columnas\/basta-ya-muerte-lineas-electricas\/\" target=\"_blank\" rel=\"noopener\">N&#8217;hi ha prou ja! Mort en les l\u00ednies el\u00e8ctriques<\/a> (iv.revistalocal, 04\/06\/2019).<\/li>\n<li><a href=\"https:\/\/iv.revistalocal.es\/columnas\/tendidos-electricos-y-aves-sangria-intolerable\/\" target=\"_blank\" rel=\"noopener\">Esteses el\u00e8ctriques i aus: una sagnia intolerable<\/a> (iv.revistalocal, 09\/05\/2019).<\/li>\n<li><a href=\"https:\/\/www.lasprovincias.es\/revista-valencia\/quien-es-joan-ferre-20190219164802-nt.html\" target=\"_blank\" rel=\"noopener\">Qui \u00e9s Joan Ferr\u00e9?<\/a> (Les Prov\u00edncies, 28\/04\/2019).<\/li>\n<li><a href=\"https:\/\/iv.revistalocal.es\/ultimas-avutardas\/\" target=\"_blank\" rel=\"noopener\">Les \u00faltimes avutardes<\/a> (23\/04\/2019).<\/li>\n<li><a href=\"https:\/\/www.levante-emv.com\/ribera\/2019\/04\/01\/retiran-toneladas-plantas-invasoras-playa\/1856338.html\" target=\"_blank\" rel=\"noopener\">Retiren dues tones de plantes invasores a la platja del Dosel de Cullera<\/a> (Levante-EMV, 01\/04\/2019).<\/li>\n<li><a href=\"https:\/\/www.levante-emv.com\/costera\/2019\/03\/24\/torreon-milenario-abierto-publico-veces-13946546.html\" target=\"_blank\" rel=\"noopener\">Torre\u00f3 quasi mil\u00b7lenari obert al p\u00fablic dues vegades cada mes<\/a> (Levante EMV, 24\/03\/2019).<\/li>\n<li><a href=\"https:\/\/www.hortanoticias.com\/xirivella-instalara-cajas-nido-y-refugios-para-la-fauna-insectivora\/\" target=\"_blank\" rel=\"noopener\">Xirivella instal\u00b7lar\u00e0 caixes niu i refugis per a la fauna insect\u00edvora<\/a> (Horta Not\u00edcies, 08 \/01\/2019).<\/li>\n<li><a href=\"https:\/\/valenciaplaza.com\/aus-a-la-vista-el-goig-de-lornitologia\" target=\"_blank\" rel=\"noopener\">Aus a la vista!: el goig de l&#8217;ornitologia<\/a> (Valencia Plaza, 23\/12\/2018).<\/li>\n<li><a href=\"https:\/\/www.hortanoticias.com\/lajuntament-instal%c2%b7lara-caixes-niu-per-a-mussols-a-lhorta-de-meliana\/\" target=\"_blank\" rel=\"noopener\">L&#8217;Ajuntament instal\u00b7lar\u00e0 caixes-niu per a mussols a l&#8217;horta de Meliana<\/a> (Horta Noticias, 05\/12\/2018).<\/li>\n<li><a href=\"https:\/\/www.diarioinformacion.com\/elche\/2018\/12\/01\/hondo-celebra-30-aniversario-parque\/2092822.html\" target=\"_blank\" rel=\"noopener\">El Hondo celebra el seu 30\u00e8 aniversari com a Parc Natural<\/a> (Informaci\u00f3, 01\/12\/2018).<\/li>\n<li><a href=\"https:\/\/iv.revistalocal.es\/columnas\/lechuza\/\" target=\"_blank\" rel=\"noopener\">L&#8217;enciam<\/a> (iv.revista local, 20\/11\/2018).<\/li>\n<li><a href=\"https:\/\/www.elperiodic.com\/vila-real\/paisaje-protegido-desembocadura-mijares-recibe-primeros-turistas-ornitologicos-familiares-otono_592609\" target=\"_blank\" rel=\"noopener\">El Paisatge Protegit de la Desembocadura del Mijares rep els primers turistes ornitol\u00f2gics familiars de la tardor<\/a> (elperiodic.com, 08\/11\/2018).<\/li>\n<li><a href=\"https:\/\/iv.revistalocal.es\/columnas\/gran-respuesta-publico-al-i-congreso-naturaleza-meseta-requena-utiel\/\" target=\"_blank\" rel=\"noopener\">Gran resposta del p\u00fablic al I Congr\u00e9s de Natura de l&#8217;altipl\u00e0 de Requena-Utiel<\/a> (iv.revista local, 06\/11\/2018).<\/li>\n<li><a href=\"http:\/\/www.tucomarca.com\/wordpress\/segunda\/el-ayuntamiento-de-vilamarxant-y-la-societat-valenciana-dornitologia-programan-actividades-ambientales-en-el-parque-del-turia\/\" target=\"_blank\" rel=\"noopener\">L&#8217;Ajuntament de Vilamarxant i la Societat Valenciana d&#8217;Ornitologia programen activitats ambientals al Parc del T\u00faria<\/a> (tucomarca.com, 28\/10\/2018).<\/li>\n<li><a href=\"http:\/\/petreraldia.com\/mundo-natural\/ferrusa-acoge-un-taller-sobre-murcielagos.html\" target=\"_blank\" rel=\"noopener\">Ferrusa acull un taller sobre ratpenats<\/a> (Petreraldia, 23\/10\/2018).<\/li>\n<li><a href=\"https:\/\/www.laverdad.es\/planes\/torrevieja-programa-talleres-20181017191227-nt.html\" target=\"_blank\" rel=\"noopener\">Torrevella programa tallers, confer\u00e8ncies i rutes guiades en un esdeveniment dedicat al turisme ornitol\u00f2gic<\/a> (La Veritat, 18\/10\/2018).<\/li>\n<li><a href=\"https:\/\/www.castelloninformacion.com\/turismo-ornitologico-desembocadura-del-rio-mijares-paisaje-protegido-observadores-de-aves-asociacion-guias-birding\/\" target=\"_blank\" rel=\"noopener\">Augmenta el turisme ornitol\u00f2gic al paisatge protegit de la Desembocadura del Mijares<\/a> (15\/09\/2018).<\/li>\n<li><a href=\"https:\/\/www.eldiario.es\/cv\/medio_ambiente\/superficie-quemada-incendio-Llutxent-erosion_0_811918971.html\" target=\"_blank\" rel=\"noopener\">El 88% de la superf\u00edcie cremada en l&#8217;incendi de Llutxent est\u00e0 en risc molt alt d&#8217;erosi\u00f3<\/a> (eldiariocv.es, 07\/09\/2018).<\/li>\n<li><a href=\"https:\/\/www.lavanguardia.com\/local\/valencia\/20180904\/451624744656\/los-ornitologos-alertan-de-la-merma-de-aves-por-el-incendio-de-llutxent.html\" target=\"_blank\" rel=\"noopener\">Los ornit\u00f3logos alertan de la merma de aves por el incendio de Llutxent<\/a> (La Vanguardia, 04\/09\/2018).<\/li>\n<li><a href=\"https:\/\/www.levante-emv.com\/safor\/2018\/07\/27\/grupo-jovenes-ayuda-salvar-criar\/1749793.html\" target=\"_blank\" rel=\"noopener\">Un grup de joves ajuda a salvar i a criar pollets d&#8217;enciams a Oliva<\/a> (Levante-EMV, 27\/07\/2018).<\/li>\n<li><a href=\"https:\/\/iv.revistalocal.es\/columnas\/regreso-buitre-leonado\/\" target=\"_blank\" rel=\"noopener\">El retorn del voltor lleonat<\/a> (iv.revista local, 12\/06\/2018).<\/li>\n<li><a href=\"https:\/\/www.20minutos.es\/noticia\/3339831\/0\/lechuza-nuevo-aliado-controlar-roedores-huertos-ecologicos\/\" target=\"_blank\" rel=\"noopener\">Els enciams, un m\u00e8tode natural i efectiu per controlar les plagues de rosegadors als horts ecol\u00f2gics<\/a> (20 minuts, 14\/05\/2018).<\/li>\n<li><a href=\"https:\/\/www.hortanoticias.com\/godella-acollira-el-proper-dijous-la-iii-marxa-escolar-per-lhorta\/\" target=\"_blank\" rel=\"noopener\">Godella acollir\u00e0 el proper dijous la III Marxa escolar per l&#8217;Horta<\/a> (Horta Noticias, 25\/04\/2018).<\/li>\n<li><a href=\"https:\/\/iv.revistalocal.es\/columnas\/i-congreso-naturaleza-comarcal\/\" target=\"_blank\" rel=\"noopener\">I Congr\u00e9s de Naturalesa Comarcal<\/a> (iv.revista local, 25\/04\/2018).<\/li>\n<li><a href=\"https:\/\/www.elperiodic.com\/burjassot\/oficina-sostenibilidad-local-organiza-nuevo-curso-ornitologia_561302\" target=\"_blank\" rel=\"noopener\">La Oficina de Sostenibilidad Local organiza un nuevo curso de ornitolog\u00eda<\/a> (elperiodic.com, 24\/04\/2018).<\/li>\n<li><a href=\"https:\/\/www.iagua.es\/noticias\/fundacion-global-nature\/conservar-y-recuperar-humedales-es-fundamental-conservacion-aves\" target=\"_blank\" rel=\"noopener\">Conservar i recuperar els aiguamolls \u00e9s fonamental per a la conservaci\u00f3 d&#8217;aus palustres<\/a> (iAgua, 24\/04\/2018).<\/li>\n<li><a href=\"https:\/\/www.iagua.es\/noticias\/fundacion-global-nature\/comienza-campana-anillamiento-aves-palustres-distintos-humedales\" target=\"_blank\" rel=\"noopener\">Comen\u00e7a la campanya d&#8217;anellament d&#8217;aus palustres en diferents aiguamolls en la C. Valenciana<\/a> (11\/04\/2018).<\/li>\n<li><a href=\"http:\/\/laplanaaldia.com\/burriana\/noticias\/170526\/esquerra-unida-de-borriana-analiza-la-situacion-actual-del-macroproyecto-golf-san-gregori-y-que-posibilidades-hay-de-que-se-desarrolle-en-los-proximos-anos\" target=\"_blank\" rel=\"noopener\">Burriana: Esquerra Unida de Borriana analitza la situaci\u00f3 actual del macroprojecte Golf Sant Gregori i que hi ha que es desenvolupe en els pr\u00f2xims anys<\/a> (La Plana al dia, 25\/03\/2018).<\/li>\n<li><a href=\"https:\/\/www.elperiodic.com\/burjassot\/este-semana-comienzan-rutas-huerta-burjassot_553385\" target=\"_blank\" rel=\"noopener\">Aquest cap de setmana comencen les Rutes per l&#8217;Horta de Burjassot<\/a> (elperiodic.com, 07\/03\/2018).<\/li>\n<li><a href=\"https:\/\/www.lasprovincias.es\/comunitat\/puntos-negros-albufera-valencia-20180307081527-nt.html\" target=\"_blank\" rel=\"noopener\">Els punts negres de l&#8217;Albufera<\/a> (Las Provincias, 07\/03\/2018).<\/li>\n<li><a href=\"https:\/\/www.hortanoticias.com\/societat-valenciana-ornitologia-denuncia-falta-control-caza-albufera\/\" target=\"_blank\" rel=\"noopener\">La Societat Valenciana d&#8217;Ornitologia denuncia la falta de control de la ca\u00e7a a l&#8217;Albufera<\/a> (Horta Not\u00edcies, 22\/02\/2018).<\/li>\n<li><a href=\"https:\/\/iv.revistalocal.es\/nueva-actividad-colocacion-cajas-nido-parque-natural-hoces-cabriel\/\" target=\"_blank\" rel=\"noopener\">Nova activitat de col\u00b7locaci\u00f3 de caixes nius al Parc Natural de les Hoces del Cabriel<\/a> (iv.revista local, 22\/02\/2018).<\/li>\n<li><a href=\"https:\/\/www.hortanoticias.com\/accio-ecologista-agro-exige-un-caudal-ecologico-de-agua-para-el-marjal-de-los-moros\/\" target=\"_blank\" rel=\"noopener\">Acci\u00f3 Ecologista-Agr\u00f3 exigeix un cabal ecol\u00f2gic d&#8217;aigua per al Marjal dels Moros<\/a> (Horta Not\u00edcies, 13\/02\/2018).<\/li>\n<li><\/li>\n<li><a href=\"https:\/\/valenciaplaza.com\/harry-potter-y-la-catastrofe-de-las-lechuzas\" target=\"_blank\" rel=\"noopener\">Harry Potter i la cat\u00e0strofe dels enciams<\/a> (Culturpla\u00e7a, 05\/02\/2018).<\/li>\n<li><a href=\"https:\/\/www.hortanoticias.com\/burjassot-programacio-rutes-horta\/\" target=\"_blank\" rel=\"noopener\">Burjassot enceta una nova programaci\u00f3 de les Rutes per l&#8217;Horta<\/a> (Horta Noticias, 31\/01\/2018).<\/li>\n<li><a href=\"https:\/\/iv.revistalocal.es\/columnas\/aves-rio-magro\/\" target=\"_blank\" rel=\"noopener\">Les aus del riu Magro<\/a> (iv.revista local, 26\/12\/2017).<\/li>\n<li><a href=\"https:\/\/www.elperiodic.com\/val\/xativa\/lajuntament-cedeix-torrassa-muralla-llevant-convertir-observatori-daus_538983\" target=\"_blank\" rel=\"noopener\">L&#8217;Ajuntament de la Torrassa de la Muralla de Llevant per convertir-la en un observatori d&#8217;aus<\/a> (elperiodic.com, 13\/12\/2017).<\/li>\n<li><a href=\"https:\/\/iv.revistalocal.es\/columnas\/vente-a-poner-cajas-nido-aves-insectivoras\/\" target=\"_blank\" rel=\"noopener\">Ven a posar caixes niu per a les aus insect\u00edvores<\/a> (iv.revista local, 12\/12\/2017).<\/li>\n<li><a href=\"https:\/\/comarcalcv.com\/parque-las-hoces-del-cabriel-requena-acoge-una-actividad-cajas-nido-16-diciembre\/\" target=\"_blank\" rel=\"noopener\">El parc de les Hoces del Cabriel de Requena acull una activitat sobre caixes niu el 16 de desembre<\/a> (Comarcal CV, 11\/12\/2017).<\/li>\n<li><a href=\"https:\/\/iv.revistalocal.es\/parque-natural-hoces-cabriel-colocara-16-diciembre-cajas-nido\/\" target=\"_blank\" rel=\"noopener\">El Parc Natural de les Hoces del Cabriel col\u00b7locar\u00e0 el proper 16 d&#8217;octubre.<\/a> (iv.revista local, 04\/12\/17).<\/li>\n<li><a href=\"https:\/\/iv.revistalocal.es\/columnas\/dia-mundial-aves-ruta-ornitologica-casas-rio-requena\/\" target=\"_blank\" rel=\"noopener\">Dia Mundial de les Aus: &#8220;ruta ornitol\u00f2gica per Cases del Riu (Requena)&#8221;<\/a> (iv.revista local, 03\/10\/2017).<\/li>\n<li><a href=\"https:\/\/iv.revistalocal.es\/dia-aves-hoces-cabriel\/\" target=\"_blank\" rel=\"noopener\">Dia de les aus a les Hoces del Cabriel<\/a> (iv. revista local, 03\/10\/2017).<\/li>\n<li><a href=\"https:\/\/www.hortanoticias.com\/esgotades-fins-al-24-dagost-les-entrades-de-les-nits-de-natura-a-la-costera\/\" target=\"_blank\" rel=\"noopener\">Esgotades fins al 24 d&#8217;agost les entrades de les &#8216;Nits de Natura a la Costera&#8217;<\/a> (Horta Noticias, 17\/07\/2017).<\/li>\n<li><a href=\"https:\/\/www.elperiodicomediterraneo.com\/noticias\/medioambiente\/higueras-acull-xv-trobada-dels-pobles-pn-serra-d-espada_1078255.html\" target=\"_blank\" rel=\"noopener\">Figueres acull la XV Trobada dels Pobles del PN Serra d&#8217;Espad\u00e0<\/a> (El Peri\u00f3dico Mediterr\u00e1neo, 28\/06\/2017).<\/li>\n<li><a href=\"https:\/\/www.noveldadigital.es\/comercio-y-ciudad\/21379\/novelda-colabora-en-un-proyecto-para-reintroducir-la-lechuza-comun-en-el-medio-vinalopo\" target=\"_blank\" rel=\"noopener\">Novelda col\u00b7labora en un projecte per reintroduir l&#8217;enciam com\u00fa al Medi Vinalop\u00f3<\/a> (Novelda Digital, 15\/05\/2017).<\/li>\n<li><a href=\"https:\/\/iv.revistalocal.es\/nueva-directora-parque-hoces-cabriel-recibe-primeras-propuestas-su-gestion\/\" target=\"_blank\" rel=\"noopener\">La nova directora del Parc de les Hoces del Cabriel rep les primeres propostes per a la seva gesti\u00f3<\/a> (iv.revista local, 03\/05\/2017).<\/li>\n<li><a href=\"https:\/\/www.eldiario.es\/cv\/Extraen-Marjal-Pego-ovejas-muertas_0_632737136.html\" target=\"_blank\" rel=\"noopener\">Extreuen en un sol dia del Marjal de Pego 4.500 quilos d&#8217;escombraries, 3 ovelles mortes i rodes de cotxes<\/a> (eldiario.es, 14\/04\/2017).<\/li>\n<li><a href=\"https:\/\/www.hortanoticias.com\/la-ii-marxa-escolar-per-lhorta-visitara-la-fabrica-de-seda-de-vinalesa\/\" target=\"_blank\" rel=\"noopener\">La II Marxa Escolar per l&#8217;Horta visitar\u00e0 la F\u00e0brica de Seda de Vinalesa<\/a> (Horta, 10\/04\/2017).<\/li>\n<li><a href=\"https:\/\/www.elperiodicodeaqui.com\/epda-noticias\/l-horta-de-godella--escenari-d-una-ruta-ornitologica\/127429\" target=\"_blank\" rel=\"noopener\">L&#8217;Horta de Godella, escenari d&#8217;una ruta ornitol\u00f2gica (El diari d&#8217;aqu\u00ed<\/a> , 13\/03\/2017).<\/li>\n<li><a href=\"https:\/\/www.elmeridiano.es\/las-rutas-de-la-huerta-de-burjassot-incorporan-este-ano-como-novedad-la-de-xufa-i-orxata\/\" target=\"_blank\" rel=\"noopener\">Les Rutes de l&#8217;Horta de Burjassot incorporen enguany com a novetat la de &#8216;Xufa i orxata&#8217;<\/a> (El Meridi\u00e0 L&#8217;Horta, 07\/03\/2017).<\/li>\n<li><a href=\"https:\/\/iv.revistalocal.es\/columnas\/malos-tiempos-aguila-perdicera\/\" target=\"_blank\" rel=\"noopener\">Mals temps per a l&#8217;\u00e0guila perdiu<\/a> (iv.revista local, 28\/02\/2017).<\/li>\n<li><a href=\"https:\/\/www.levante-emv.com\/comunitat-valenciana\/2017\/02\/22\/caceria-legal-evitar-danos-agricolas\/1532033.html\" target=\"_blank\" rel=\"noopener\">Una cacera legal per a evitar danys agr\u00edcoles acaba amb la mort de c\u00e9rvols i muflons<\/a> (Levante-EMV, 22\/02\/2017).<\/li>\n<li><a href=\"https:\/\/iv.revistalocal.es\/societat-valenciana-dornitologia-lamenta-pesima-gestion-cinegetica-consellerias\/\" target=\"_blank\" rel=\"noopener\">La Societat Valenciana D \u0301Ornitologia, lamenta la p\u00e8ssima gesti\u00f3 cineg\u00e8tica de les conselleries<\/a> (iv.revista local, 14\/02\/2017).<\/li>\n<li><a href=\"https:\/\/www.lasprovincias.es\/comunitat\/201702\/13\/consell-autoriza-cazar-zona-20170213003734-v.html\" target=\"_blank\" rel=\"noopener\">El Consell autoritza ca\u00e7ar en una zona protegida durant la cria de l&#8217;\u00e0guila perdiu<\/a> (Las Provincias, 13\/02\/2017).<\/li>\n<li><a href=\"https:\/\/iv.revistalocal.es\/columnas\/bosque-mediterraneo-pasado-presente-y-futuro\/\" target=\"_blank\" rel=\"noopener\">El bosc mediterrani: passat, present i futur<\/a> (iv.revista local, 31\/01\/2017).<\/li>\n<li><a href=\"https:\/\/www.hortanoticias.com\/el-projecte-voluntari-de-proteccio-de-tortugues-autoctones-ha-censat-3-exemplars-el-2016-al-clot-de-bailon-i-la-marjal-de-rafalell-i-vistabella\/\" target=\"_blank\" rel=\"noopener\">El projecte de protecci\u00f3 de tortugues aut\u00f2ctones ha censat 3 exemplars el 2016 al Clot de Bail\u00f3n i la Marjal de Rafalell i Vistabella<\/a> (Horta Noticias, 29\/12\/2016).<\/li>\n<li><a href=\"https:\/\/iv.revistalocal.es\/columnas\/aves-siete-aguas\/\" target=\"_blank\" rel=\"noopener\">Ocells de set aig\u00fces<\/a> (iv.revista local, 20\/12\/2016).<\/li>\n<li><a href=\"https:\/\/www.ecologistasenaccion.org\/33309\/\" target=\"_blank\" rel=\"noopener\">Balan\u00e7 de la campanya, esp\u00e8cies beneficioses i caixes niu<\/a> (Ecologistes en Acci\u00f3, 02\/12\/2016).<\/li>\n<li><a href=\"https:\/\/iv.revistalocal.es\/columnas\/zona-cerealista-noroeste-comarcal\/\" target=\"_blank\" rel=\"noopener\">La zona cerealista del nord-oest comarcal<\/a> (iv.revista local, 06\/09\/2016).<\/li>\n<li><a href=\"https:\/\/www.levante-emv.com\/costera\/2016\/08\/30\/voluntarios-rescatan-peces-amenazados-caudal-12352571.html\" target=\"_blank\" rel=\"noopener\">Els voluntaris rescaten peixos amena\u00e7ats pel baix cabal al riu Albaida<\/a> (Llevant EMV, 30\/08\/2016).<\/li>\n<li><a href=\"https:\/\/iv.revistalocal.es\/columnas\/cernicalo-primilla-y-su-reintroduccion-camporrobles\/\" target=\"_blank\" rel=\"noopener\">El xoriguer petit i la seva reintroducci\u00f3 a Camporrobles<\/a> (iv.revista local, 23\/08\/2016).<\/li>\n<li><a href=\"https:\/\/www.hortanoticias.com\/las-hijas-adoptivas-mas-singulares-de-vinalesa\/\" target=\"_blank\" rel=\"noopener\">Les &#8216;filles adoptives&#8217; m\u00e9s singulars de Vinalesa<\/a> (Horta Not\u00edcies, 26\/07\/2016).<\/li>\n<li><a href=\"https:\/\/iv.revistalocal.es\/columnas\/parque-natural-hoces-cabriel-y-conservacion-naturaleza\/\" target=\"_blank\" rel=\"noopener\">El Parc Natural de les Hoces del Cabriel i la conservaci\u00f3 de la natura<\/a> (iv.revista local, 12\/07\/2016).<\/li>\n<li><a href=\"https:\/\/www.elperiodicomediterraneo.com\/noticias\/medioambiente\/atzeneta-organitza-taller-d-anellament-divulgacio_1001422.html\" target=\"_blank\" rel=\"noopener\">Atzeneta organitza un taller d&#8217;anellament Divulgaci\u00f3<\/a> (El Peri\u00f3dico Mediterr\u00e1neo, 29\/06\/2016).<\/li>\n<li><a href=\"https:\/\/www.levante-emv.com\/horta\/2016\/06\/07\/setciencies-acerca-ornitologia-cuidado\/1428480.html\" target=\"_blank\" rel=\"noopener\">\u00abSetciencies\u00bb acosta l&#8217;ornitologia i la cura del medi ambient<\/a> (Levante EMV, 06\/06\/2016).<\/li>\n<li><a href=\"https:\/\/iv.revistalocal.es\/columnas\/sierra-martes\/\" target=\"_blank\" rel=\"noopener\">Serra Mart\u00e9s<\/a> (iv.revista local, 31\/05\/2016).<\/li>\n<li><a href=\"https:\/\/iv.revistalocal.es\/columnas\/estanques-ponton\/\" target=\"_blank\" rel=\"noopener\">Els estanys del Pont\u00f3<\/a> (iv.revista local, 17\/05\/2016).<\/li>\n<li><a href=\"https:\/\/www.levante-emv.com\/valencia\/2016\/04\/11\/rapaces-nocturnas-saler-ingieren-mil\/1402417.html\" target=\"_blank\" rel=\"noopener\">Les rapinyaires nocturnes del Saler ingereixen mil topillos al trimestre<\/a> (Levante EMV, 10\/04\/2016).<\/li>\n<li><a href=\"https:\/\/www.ecologistasenaccion.org\/31964\/el-proyecto-mussols-llega-a-vinaros\/\" target=\"_blank\" rel=\"noopener\">El projecte Mussols arriba a Vinar\u00f2s<\/a> (Ecologistes en Acci\u00f3, 07\/04\/2016).<\/li>\n<li><a href=\"https:\/\/www.ecologistasenaccion.org\/31873\/colocacion-de-cajas-nido-para-vencejos\/\" target=\"_blank\" rel=\"noopener\">Col\u00b7locaci\u00f3 de caixes niu per a vencedors<\/a> (Ecologistes en Acci\u00f3, 16\/03\/2016).<\/li>\n<li><a href=\"https:\/\/www.levante-emv.com\/comarcas\/2016\/03\/15\/medio-ambiente-paraliza-tala-arboles\/1392280.html\" target=\"_blank\" rel=\"noopener\">Medi Ambient paralitza la tala d&#8217;arbres a la Serra Calderona<\/a> (Levante EMV, 15\/03\/2016).<\/li>\n<li><a href=\"https:\/\/www.levante-emv.com\/comarcas\/2016\/03\/12\/ecologistas-denuncian-deforestacion-paraje-serra\/1390787.html\" target=\"_blank\" rel=\"noopener\">Els ecologistes denuncien la desforestaci\u00f3 en un paratge de Serra<\/a> (Levante EMV, 11\/03\/2016).<\/li>\n<li><a href=\"https:\/\/iv.revistalocal.es\/columnas\/patos\/\" target=\"_blank\" rel=\"noopener\">\u00c0necs<\/a> (iv.revista local, 07\/03\/2016).<\/li>\n<li><a href=\"https:\/\/iv.revistalocal.es\/resumen-la12a-semana-medioambiental-imagenes\/\" target=\"_blank\" rel=\"noopener\">Resum de la 12a setmana mediambiental en imatges<\/a> (iv.revista local, 09\/02\/2016).<\/li>\n<li><a href=\"https:\/\/iv.revistalocal.es\/columnas\/estudio-mamiferos\/\" target=\"_blank\" rel=\"noopener\">L&#8217;estudi dels mam\u00edfers<\/a> (iv.revista local, 02\/02\/2016).<\/li>\n<li><a href=\"https:\/\/iv.revistalocal.es\/columnas\/mamiferos-meseta-requena-utiel\/\" target=\"_blank\" rel=\"noopener\">Mam\u00edfers de l&#8217;altipl\u00e0 de Requena-Utiel<\/a> (iv.revista local, 26\/01\/2016).<\/li>\n<li><a href=\"https:\/\/www.hortanoticias.com\/punt-final-a-la-tercera-edicio-de-les-rutes-per-lhorta-de-burjassot-amb-exit-de-participacio\/\" target=\"_blank\" rel=\"noopener\">Punt final a la tercera edici\u00f3 de les Rutes per l&#8217;Horta de Burjassot amb \u00e8xit de participaci\u00f3n<\/a> (Horta Noticias, 18\/11\/2015).<\/li>\n<li><a href=\"https:\/\/www.elperiodicomediterraneo.com\/mediterraneo-en-valencia\/medioambiente\/2015\/10\/07\/l-albufera-traves-prismaticos-observacion-41759412.html\" target=\"_blank\" rel=\"noopener\">L\u2019Albufera, a trav\u00e9s de unos prism\u00e1ticos Observaci\u00f3n<\/a> (El Peri\u00f3dico Mediterr\u00e1neo, 07\/10\/2015).<\/li>\n<li><a href=\"https:\/\/www.hortanoticias.com\/centenares-de-personas-participan-en-la-primera-edicion-de-lalbufera-de-les-aus\/\" target=\"_blank\" rel=\"noopener\">Centenars de persones participen en la primera edici\u00f3 de &#8216;L&#8217;Albufera de les Aus&#8217;<\/a> (Horta Not\u00edcies, 05\/10\/2015).<\/li>\n<li><a href=\"https:\/\/www.hortanoticias.com\/la-oficina-de-sostenibilidad-local-de-burjassot-organiza-un-curso-de-iniciacion-a-la-observacion-de-aves\/\" target=\"_blank\" rel=\"noopener\">L&#8217;Oficina de Sostenibilitat Local de Burjassot organitza un curs d&#8217;iniciaci\u00f3 a l&#8217;observaci\u00f3 d&#8217;aus<\/a> (Horta Not\u00edcies, 11\/05\/2015).<\/li>\n<li><a href=\"https:\/\/www.eldiario.es\/cv\/LAlbufera-nadie_0_363613678.html\" target=\"_blank\" rel=\"noopener\">L&#8217;Albufera per a ning\u00fa<\/a> (eldiariocv.es, 06\/03\/2015).<\/li>\n<li><a href=\"https:\/\/www.hortanoticias.com\/empresas-y-entidades-culturales-y-ambientales-denuncian-la-falta-de-opciones-para-los-visitantes-en-la-albufera\/\" target=\"_blank\" rel=\"noopener\">Empreses i entitats culturals i ambientals denuncien la falta d&#8217;opcions per als visitants a l&#8217;Albufera<\/a> (Horta Not\u00edcies, 05\/03\/2015).<\/li>\n<li><a href=\"https:\/\/www.levante-emv.com\/valencia\/2015\/02\/25\/lechuza-regresa-huerta-12657978.html\" target=\"_blank\" rel=\"noopener\">L&#8217;enciam torna a l&#8217;horta<\/a> (Levante EMV, 25\/02\/2015).<\/li>\n<li><a href=\"https:\/\/iv.revistalocal.es\/columnas\/buho-real\/\" target=\"_blank\" rel=\"noopener\">El mussol reial<\/a> (iv.revista local, 14\/01\/2015).<\/li>\n<li><a href=\"https:\/\/iv.revistalocal.es\/aves-requena-primeras-citas-primaverales\/\" target=\"_blank\" rel=\"noopener\">Ocells a Requena. Primeres cites primaverals<\/a> (iv.revista local, 15\/04\/2014).<\/li>\n<li><a href=\"https:\/\/iv.revistalocal.es\/migracion-primaveral-estanques-ponton\/\" target=\"_blank\" rel=\"noopener\">Migraci\u00f3 primaveral als estanys del Pont\u00f3<\/a> (iv.revista local, 03\/04\/2014).<\/li>\n<li><a href=\"https:\/\/www.lavanguardia.com\/local\/valencia\/20140218\/54402302986\/nace-la-plafaforma-columbretes-netes-para-luchar-contra-las-prospecciones.html\" target=\"_blank\" rel=\"noopener\">Nace la Plafaforma &#8220;Columbretes Netes&#8221; para luchar contra las prospecciones<\/a> (La Vanguardia, 18\/02\/2014).<\/li>\n<li><a href=\"https:\/\/www.europapress.es\/comunitat-valenciana\/noticia-societat-valenciana-dornitologia-alerta-fatales-consecuencias-pueden-tener-prospecciones-petroliferas-20140217180754.html\" target=\"_blank\" rel=\"noopener\">Societat Valenciana d&#8217;Ornitologia alerta de &#8220;les fatals conseq\u00fc\u00e8ncies&#8221; que poden tindre les prospeccions petrol\u00edferes<\/a> (Europapress, 17\/02\/2014).<\/li>\n<li><a href=\"https:\/\/www.levante-emv.com\/valencia\/2014\/01\/24\/adosado-lechuzas\/1071362.html\" target=\"_blank\" rel=\"noopener\">Un adossat per als enciams<\/a> (Levante-EMV, 24\/01\/2014).<\/li>\n<li><a href=\"https:\/\/www.levante-emv.com\/comunitat-valenciana\/2014\/01\/11\/rescate-urraca\/1067317.html\" target=\"_blank\" rel=\"noopener\">Al rescat de la garsa<\/a> (Levante EMV, 10\/01\/2014).<\/li>\n<li><a href=\"https:\/\/www.castelloninformacion.com\/sierra-espadan-recupera-helecho-peligro-extincion\/\" target=\"_blank\" rel=\"noopener\">El Parque Natural de la Sierra de Espad\u00e1n recupera una especie de helecho que estaba en peligro de extinci\u00f3n<\/a> (Castell\u00f3n Informaci\u00f3n, 06\/12\/2013).<\/li>\n<li><a href=\"https:\/\/www.eldiario.es\/cv\/Consell-suspende-caza-parany_0_195630998.html\" target=\"_blank\" rel=\"noopener\">El Consell susp\u00e8n la ca\u00e7a amb parany<\/a> (eldiario.es, 11\/11\/2013).<\/li>\n<li><a href=\"https:\/\/ecoxarxanoticies.wordpress.com\/2013\/10\/15\/la-societat-valenciana-dornitologia-es-posiciona-en-contra-del-parany-cientific\/\" target=\"_blank\" rel=\"noopener\">La Societat Valenciana d&#8217;Ornitologia es posiciona en contra del parany &#8220;cient\u00edfic&#8221;<\/a> (Ecoxarxa, 15\/10\/2013).<\/li>\n<li><a href=\"https:\/\/www.lavanguardia.com\/54391919797\/index.html\" target=\"_blank\" rel=\"noopener\">Societat Valenciana d&#8217;Ornitologia interposen recurs d&#8217;al\u00e7ada contra els &#8216;paranys&#8217; cient\u00edfics<\/a> (La Vanguardia, 14\/10\/2013).<\/li>\n<li><a href=\"https:\/\/www.hortanoticias.com\/gastronomia-ecologia-deportes-y-diversion-para-todos-los-publicos-se-daran-cita-en-la-ii-edicion-de-la-fira-de-lalbufera\/\" target=\"_blank\" rel=\"noopener\">Gastronomia, ecologia, esports i diversi\u00f3 per a tots els p\u00fablics es donaran cita en la II edici\u00f3 de la Fira de l&#8217;Albufera<\/a> (Horta Not\u00edcies, 19\/06\/2013).<\/li>\n<li><a href=\"https:\/\/www.hortanoticias.com\/accio-ecologista-agro-lathletic-massalfassar-i-el-grup-danellament-lhorta-celebren-la-festa-dels-aiguamolls-en-la-marjal-de-massamagrell\/\" target=\"_blank\" rel=\"noopener\">Acci\u00f3 Ecologista-Agr\u00f3, l&#8217;Athl\u00e8tic Massalfassar i el Grup d&#8217;Anellament l&#8217;Horta celebren la festa dels aiguamolls en la Marjal de Massamagrell<\/a> (Horta Noticias, 14\/02\/2013).<\/li>\n<li><a href=\"https:\/\/www.hortanoticias.com\/las-aves-de-la-comunitat-llegan-a-mislata-en-forma-de-espectacular-exposicion-fotografica-2\/\" target=\"_blank\" rel=\"noopener\">Les aus de la Comunitat arriben a Mislata en forma d&#8217;espectacular exposici\u00f3<\/a> fotogr\u00e0fica (Horta Not\u00edcies, 31\/01\/2013).<\/li>\n<li><a href=\"https:\/\/elpais.com\/ccaa\/2012\/08\/19\/valencia\/1345400440_393196.html\" target=\"_blank\" rel=\"noopener\">El voltor lleonat es recupera fins a les 507 parelles<\/a> (El Pa\u00eds, 19\/08\/2012).<\/li>\n<li><a href=\"https:\/\/elpais.com\/sociedad\/2012\/07\/31\/actualidad\/1343737753_538895.html\" target=\"_blank\" rel=\"noopener\">El foc tamb\u00e9 devora els animals<\/a> (El Pa\u00eds, 31\/07\/2012).<\/li>\n<li><a href=\"https:\/\/www.lasprovincias.es\/v\/20120709\/comunitat\/fuegos-afectan-tipos-aves-20120709.html\" target=\"_blank\" rel=\"noopener\">Els focs afecten 94 tipus d&#8217;aus i 25 de mam\u00edfers<\/a> (Las Provincias, 09\/07\/2012).<\/li>\n<li><a href=\"https:\/\/www.lavanguardia.com\/local\/valencia\/20120708\/54323006285\/la-sociedad-valenciana-de-ornitologia-alerta-de-que-el-fuego-ha-afectado-a-numerosas-especies-de-la.html\" target=\"_blank\" rel=\"noopener\">La Sociedad Valenciana de Ornitolog\u00eda alerta de que el fuego ha afectado a numerosas especies de la zona<\/a> (La Vanguardia, 08\/07\/2012).<\/li>\n<li><a href=\"https:\/\/www.lasprovincias.es\/20120708\/comunitatvalenciana\/comunitat\/incendios-fauna-flora-afectada-201207081442.html\" target=\"_blank\" rel=\"noopener\">Els incendis de Val\u00e8ncia han afectat 25 esp\u00e8cies de mam\u00edfers i 94 d&#8217;aus<\/a> (Las Provincias, 08\/07\/2012).<\/li>\n<li><a href=\"https:\/\/www.levante-emv.com\/comunitat-valenciana\/2011\/05\/28\/buitre-leonado-cria-valencia\/810885.html\" target=\"_blank\" rel=\"noopener\">El voltor lleonat ja cria a Val\u00e8ncia<\/a> (Levante-EMV, 28\/05\/2012).<\/li>\n<li><a href=\"https:\/\/comarcalcv.com\/145493\/\" target=\"_blank\" rel=\"noopener\">La Societat Valenciana d&#8217;Ornitologia programen una jornada d&#8217;anellament a Alborache<\/a> (Comarcal CV, 30\/01\/2012).<\/li>\n<li><a href=\"https:\/\/www.lasprovincias.es\/v\/20120112\/safor\/escola-superior-acoge-muestra-20120112.html\" target=\"_blank\" rel=\"noopener\">L&#8217;Escola Superior acoge la muestra &#8216;Mirades d&#8217;Au&#8217; de la Sociedad de Ornitolog\u00eda<\/a> (Las Provincias, 12\/01\/2012).<\/li>\n<li><a href=\"https:\/\/www.hortanoticias.com\/torrent-inicia-el-mes-del-medio-ambiente-con-una-exposicion-sobre-aves-valencianas\/\" target=\"_blank\" rel=\"noopener\">Torrent inicia el mes del Medi Ambient amb una exposici\u00f3 sobre aus valencianes<\/a> (Horta Not\u00edcies, 09\/11\/2011).<\/li>\n<li><a href=\"https:\/\/www.lasprovincias.es\/v\/20111018\/elche\/mirades-centro-ciudad-elche-20111018.html\" target=\"_blank\" rel=\"noopener\">&#8216;Mirades d&#8217;Au&#8217; en el centro Ciudad de Elche<\/a> (Las Provincias, 18\/10\/2011).<\/li>\n<li><a href=\"https:\/\/www.elperiodic.com\/torrent\/torrent-celebra-mundial-aves-anillamiento-organizado-societat-valenciana-dornitologia-parc-trenor_138908\" target=\"_blank\" rel=\"noopener\">Torrent celebra el D\u00eda mundial de las Aves con un anillamiento organizado por la Societat Valenciana d\u2019Ornitologia en el Parc de Trenor<\/a> (elperiodic.com, 02\/10\/2011).<\/li>\n<li><a href=\"https:\/\/www.lasprovincias.es\/v\/20100512\/comunitat\/miles-aves-invaden-cada-20100512.html\" target=\"_blank\" rel=\"noopener\">Milers d&#8217;aus envaeixen cada dia la principal ruta d&#8217;aterratge de l&#8217;aeroport de Manises<\/a> (Las Provincias, 12\/05\/2010).<\/li>\n<li><a href=\"https:\/\/www.lasprovincias.es\/valencia\/20090928\/valencia\/parc-natural-turia-acoge-20090928.html\" target=\"_blank\" rel=\"noopener\">El Parc Natural del T\u00faria acoge una campa\u00f1a para anillar aves<\/a> (Las Provincias, 28\/09\/2009).<\/li>\n<li><a href=\"https:\/\/www.lasprovincias.es\/valencia\/20080418\/medio-ambiente\/aves-esteparias-recuperan-habitats-20080418.html\" target=\"_blank\" rel=\"noopener\">Las aves esteparias recuperan sus h\u00e1bitats hist\u00f3ricos en la Comunitat<\/a> (Las Provincias, 18\/04\/2008).<\/li>\n<\/ul>\n","protected":false},"excerpt":{"rendered":"<p>Recursos de prensa: Desde su origen, la Societat Valenciana d\u2019Ornitologia ha intentado informar por todos los medios disponibles tanto de las actividades realizadas como de cualquier tema relacionado con la conservaci\u00f3n del Medio Natural. A continuaci\u00f3n se muestra un listado de algunas de las notas de prensa enviadas por la propia asociaci\u00f3n as\u00ed como las [&hellip;]<\/p>\n","protected":false},"author":1,"featured_media":0,"parent":0,"menu_order":0,"comment_status":"closed","ping_status":"closed","template":"","meta":{"footnotes":""},"class_list":["post-1162","page","type-page","status-publish","hentry","clearfix"],"_links":{"self":[{"href":"https:\/\/svornitologia.org\/es\/wp-json\/wp\/v2\/pages\/1162","targetHints":{"allow":["GET"]}}],"collection":[{"href":"https:\/\/svornitologia.org\/es\/wp-json\/wp\/v2\/pages"}],"about":[{"href":"https:\/\/svornitologia.org\/es\/wp-json\/wp\/v2\/types\/page"}],"author":[{"embeddable":true,"href":"https:\/\/svornitologia.org\/es\/wp-json\/wp\/v2\/users\/1"}],"replies":[{"embeddable":true,"href":"https:\/\/svornitologia.org\/es\/wp-json\/wp\/v2\/comments?post=1162"}],"version-history":[{"count":45,"href":"https:\/\/svornitologia.org\/es\/wp-json\/wp\/v2\/pages\/1162\/revisions"}],"predecessor-version":[{"id":3772,"href":"https:\/\/svornitologia.org\/es\/wp-json\/wp\/v2\/pages\/1162\/revisions\/3772"}],"wp:attachment":[{"href":"https:\/\/svornitologia.org\/es\/wp-json\/wp\/v2\/media?parent=1162"}],"curies":[{"name":"wp","href":"https:\/\/api.w.org\/{rel}","templated":true}]}}