{"id":1160,"date":"2018-05-08T17:01:56","date_gmt":"2018-05-08T17:01:56","guid":{"rendered":"https:\/\/svornitologia.org\/?page_id=1160"},"modified":"2023-07-12T11:51:16","modified_gmt":"2023-07-12T11:51:16","slug":"recursos-y-alegaciones","status":"publish","type":"page","link":"https:\/\/svornitologia.org\/es\/recursos-y-alegaciones\/","title":{"rendered":"OTRAS PUBLICACIONES, RECURSOS y ALEGACIONES"},"content":{"rendered":"<p style=\"text-align: justify;\">Dejando de lado publicaciones propias como puede ser la revista cient\u00edfica <em>El Serenet<\/em> o nuestro bolet\u00edn <em>El Teulad\u00ed<\/em>, la SVO realiza <strong>publicaciones en otras revistas cient\u00edficas o divulgativas<\/strong> relacionadas o no con el Medio Ambiente, e igualmente presenta <strong>posters o trabajos en congresos<\/strong> ornitol\u00f3gicos.<\/p>\n<p>&nbsp;<\/p>\n<p><img loading=\"lazy\" decoding=\"async\" class=\"aligncenter size-full wp-image-1279\" src=\"https:\/\/svornitologia.org\/wp-content\/uploads\/2018\/05\/recursos-e1527523756552.jpg\" alt=\"\" width=\"600\" height=\"402\" \/><\/p>\n<p style=\"text-align: center;\"><em>Imagen 1. Ejemplo de algunos escritos presentados ante Conselleria.<\/em><\/p>\n<p>&nbsp;<\/p>\n<p style=\"text-align: justify;\">Adem\u00e1s, dentro de los objetivos de la SVO como es el de la conservaci\u00f3n de las aves y sus h\u00e1bitats, desde la organizaci\u00f3n preparamos <strong>alegaciones<\/strong> que presentamos ante la administraci\u00f3n cuando observamos actuaciones que impactan al Medio Ambiente.<\/p>\n<p>La SVO tambi\u00e9n interviene en <strong>procesos de participaci\u00f3n p\u00fablica<\/strong>, para dar voz de manera efectiva a nuestras posiciones. En esa l\u00ednea, formamos parte de la Junta Rectora de los Parques Naturales de Chera-Sot de Chera, Puebla de San Miguel y Hoces del Cabriel.<\/p>\n<p style=\"text-align: justify;\">Para el desarrollo de todo este trabajo de conservaci\u00f3n, \u00a1necesitamos colaboraci\u00f3n! Si crees interesante presentar alg\u00fan escrito o realizar alguna <strong>denuncia<\/strong>, te animamos a que rellenes este formulario de la forma m\u00e1s completo posible, lo evaluaremos y lo presentaremos en nombre de la asociaci\u00f3n. Ten en cuenta cuanto que ese trabajo es complejo y nuestros recursos son limitados, pero intentaremos ayudar lo m\u00e1ximo posible.<\/p>\n<p style=\"text-align: center;\"><strong><a href=\"https:\/\/docs.google.com\/forms\/d\/e\/1FAIpQLSdHgKK9XGGp8fXS1u4mF_KzDuKQc9XZyGK9ZO3oZmbufpBJhA\/viewform\">FORMULARIO DE DENUNCIA<\/a><\/strong><\/p>\n<p>&nbsp;<\/p>\n<p>Tambi\u00e9n elaboramos<strong>\u00a0notas de prensa<\/strong> que remitimos a los medios de comunicaci\u00f3n, complementariamente a la v\u00eda administrativa. Puedes ver las notas enviadas a los medios en este enlace:<strong> <a href=\"https:\/\/svornitologia.org\/recursos-de-prensa\/\">NOTAS DE PRENSA<\/a><\/strong><\/p>\n<p>&nbsp;<\/p>\n<p style=\"text-align: center;\">P\u00e1gina en construcci\u00f3n, disculpen las molestias.<\/p>\n<p>&nbsp;<\/p>\n<p>A continuaci\u00f3n <strong>enlazamos algunas publicaciones, recursos, alegaciones o escritos<\/strong> a procesos de participaci\u00f3n ciudadana en los que hemos realizado. Tambi\u00e9n se incluye alg\u00fan trabajo no publicado en otros medios a los que es necesario dar difusi\u00f3n por su importancia, ya que estamos completamente a favor al acceso a toda la informaci\u00f3n ambiental disponible.<\/p>\n<p style=\"text-align: center;\"><strong><br \/>\nSolicitudes, alegaciones y recursos ante la administraci\u00f3n:<br \/>\n<\/strong><\/p>\n<ul>\n<li><a href=\"https:\/\/drive.google.com\/file\/d\/1kEVJk1aauOb8VaHThRx5uwjDmGPGmM9C\/view?usp=sharing\" target=\"_blank\" rel=\"noopener\">Alegaciones al proyecto de central fotovoltaica denominada \u00abSolar Fotovoltaica Requena 5\u00bb (Valencia), y a su infraestructura de evacuaci\u00f3n<\/a>. Febrero de 2022.<\/li>\n<li><a href=\"https:\/\/drive.google.com\/file\/d\/1X-nfEapdZOjEJgboXurUp34aQufd8WBa\/view?usp=sharing\" target=\"_blank\" rel=\"noopener\">Alegaciones al proyecto de central fotovoltaica denominada \u00abSolar Fotovoltaica Requena 6\u00bb (Valencia), y a su infraestructura de evacuaci\u00f3n.<\/a> Enero de 2022.<\/li>\n<li><a href=\"https:\/\/drive.google.com\/file\/d\/1j4c1MttoX0TKihJMag450wF8NRV47xCd\/view?usp=sharing\" target=\"_blank\" rel=\"noopener\">Alegaciones al proyecto de central fotovoltaica denominada \u00abSolar Fotovoltaica Requena 4\u00bb (Valencia), y a su infraestructura de evacuaci\u00f3n<\/a>. Enero de 2022.<\/li>\n<li><a href=\"https:\/\/drive.google.com\/file\/d\/1LoHdsvlTkhUJj72tZM6FbrqarKcdafRl\/view?usp=sharing\" target=\"_blank\" rel=\"noopener\">Alegaciones al proyecto de central fotovoltaica denominada \u00abSolar Fotovoltaica Requena 3\u00bb (Valencia), y a su infraestructura de evacuaci\u00f3n<\/a>. Enero de 2022.<\/li>\n<li><a href=\"https:\/\/drive.google.com\/file\/d\/1trf9o2blHn0l_mPdx04nCHN6nfBiX_p3\/view?usp=sharing\" target=\"_blank\" rel=\"noopener\">Alegaciones al proyecto de central fotovoltaica denominada \u00abSolar Fotovoltaica Requena 2\u00bb (Valencia), y a su infraestructura de evacuaci\u00f3n<\/a>. Enero de 2022.<\/li>\n<li><a href=\"https:\/\/drive.google.com\/file\/d\/1V_iAsJh2_kVXjGtfkyMzSFcnxKdSXL12\/view?usp=sharing\" target=\"_blank\" rel=\"noopener\">Alegaciones al proyecto de central fotovoltaica denominada \u00abSolar Fotovoltaica Requena 1\u00bb (Valencia), y a su infraestructura de evacuaci\u00f3n<\/a>. Enero de 2022.<\/li>\n<li><a href=\"https:\/\/drive.google.com\/file\/d\/18899yegDrpbeRFOrMkkWa2h9M1ri9LMU\/view?usp=sharing\" target=\"_blank\" rel=\"noopener\">Alegaciones al proyecto de central fotovoltaica denominada \u00abFV Requena\u00bb (Valencia), y a su infraestructura de evacuaci\u00f3n<\/a>. Enero de 2022.<\/li>\n<li><a href=\"https:\/\/drive.google.com\/file\/d\/1-dVrqIdaGUw7qBhTwU-trfZoLr6Hb9XK\/view?usp=sharing\" target=\"_blank\" rel=\"noopener\">Alegaciones al proyecto de central fotovoltaica denominada \u00abplanta solar fotovoltaica PAMPINUS\u00bb en Siete Aguas (Valencia), y su infraestructura de evacuaci\u00f3n<\/a>. Enero de 2022.<\/li>\n<li><a href=\"https:\/\/drive.google.com\/file\/d\/1XkTelr0NrhJI68uYdPcBPhY-h5EyHsiV\/view?usp=sharing\" target=\"_blank\" rel=\"noopener\">Alegaciones al proyecto de central fotovoltaica denominada \u00abAyora I\u00bb (Valencia)<\/a>. Enero de 2022.<\/li>\n<li><a href=\"https:\/\/drive.google.com\/file\/d\/1r-hFwBFf_vkG7Q8HpH5Q9r5n5l_KnRfu\/view?usp=sharing\" target=\"_blank\" rel=\"noopener\">Alegaciones al proyecto de central fotovoltaica denominada \u00abLa Portera\u00bb en Requena (Valencia) y su infraestructura de evacuaci\u00f3n<\/a>. Enero de 2022.<\/li>\n<li><a href=\"https:\/\/drive.google.com\/file\/d\/1wUMvxHytJnHlpMDNbGGXEkgZReIYkcL2\/view?usp=sharing\" target=\"_blank\" rel=\"noopener\">Solicitud de exclusi\u00f3n de Especies Cineg\u00e9ticas del Anexo I-a de la Ley 13\/2004, de 13 de diciembre, de caza de la Comunitat Valenciana e inclusi\u00f3n en el listado de especies protegidas de fauna<\/a>. Noviembre de 2021.<\/li>\n<li><a href=\"https:\/\/drive.google.com\/file\/d\/1Eot-xYNrtu6ghotUUW_TsPWPy2k1DZOv\/view?usp=sharing\" target=\"_blank\" rel=\"noopener\">Alegaciones al borrador de la Estrategia de Conservaci\u00f3n de Aves Amenazadas ligadas a medios agro-esteparios en Espa\u00f1a<\/a>. Noviembre de 2021.<\/li>\n<li><a href=\"https:\/\/drive.google.com\/file\/d\/1IIOFgMn2imVSh7wbNtUWONMjfmi4ci2r\/view?usp=sharing\" target=\"_blank\" rel=\"noopener\">Informe de previsi\u00f3n de afecciones a la comunidad de aves de las sierras de la Bicuerca y Cerros Pelados, municipios de Camporrobles, Fuenterrobles y Utiel, debidas a la instalaci\u00f3n de parques e\u00f3licos en sus crestas<\/a>. Noviembre de 2021.<\/li>\n<li><a href=\"https:\/\/drive.google.com\/file\/d\/1pMeJgL2FuKunD6oLddb4MI8nrBd7IgvB\/view?usp=sharing\" target=\"_blank\" rel=\"noopener\">Alegaciones al Plan Especial de Ordenaci\u00f3n de Infraestructuras de generaci\u00f3n de energ\u00eda solar fotovoltaica en los municipios de Ayora, Zarra y Jarafuel<\/a>. Septiembre de 2021.<\/li>\n<li><a href=\"https:\/\/drive.google.com\/file\/d\/12HY4H-Cje-v9Qo24gVqafXw-6uiPc6oO\/view?usp=sharing\" target=\"_blank\" rel=\"noopener\">Informe de afecci\u00f3n de la escalada a distintos parajes del Parque Natural de Chera-Sot de Chera<\/a>. Mayo de 2021.<\/li>\n<li><a href=\"https:\/\/drive.google.com\/file\/d\/12VnzlSJM3PLx754E4uCKy7xNxySR2e9F\/view?usp=sharing\" target=\"_blank\" rel=\"noopener\">Al\u00b7legacions a l&#8217;Estudi d&#8217;Impacte Ambiental, la Sol\u00b7licitud d&#8217;Autoritzaci\u00f3 Administrativa Pr\u00e8via i la Sol\u00b7licitud de Declaraci\u00f3 d&#8217;Utilitat P\u00fablica de l&#8217;Avantprojecte del &#8220;Parque Solar Fotovoltaico Almansa 1 i\u00a0la seua infraestructura d\u00b4evacuaci\u00f3 (AAP-DIA-DUP PFOT-141 ALMANSA 1 &#8211; 100MW)<\/a>. Mayo de 2021.<\/li>\n<li><a href=\"https:\/\/drive.google.com\/file\/d\/1XOLJVtiV0xXEDC44plLctzJCso_F8g0g\/view?usp=sharing\" target=\"_blank\" rel=\"noopener\">Propuesta de modificaci\u00f3n del Listado de Especies Cineg\u00e9ticas de la Comunitat Valenciana<\/a>. Mayo de 2021.<\/li>\n<li><a href=\"https:\/\/drive.google.com\/file\/d\/1wbNv3KS9caDq6DQJy7rDcVlbklIw6FZ4\/view?usp=sharing\" target=\"_blank\" rel=\"noopener\">Alegaciones al proyecto de Decreto del Consell por el que se declaran como Zonas Especiales de Conservacion (ZEC) los Lugares de Importancia Comunitaria (LIC) \u201cLaguna de Salinas\u201d, \u201cSalero y cabecicos de Villena\u201d, \u201cMaigm\u00f3 i Serres de la Foia de Castalla\u201d, \u201cArenal de Petrer\u201d, \u201cSierra de Salinas\u201d, y se aprueba la norma de gesti\u00f3n de tales ZEC y de las ZEPA \u201cSierra de Salinas\u201d, \u201cMaigm\u00f3 i Serres de la Foia de Castalla\u201d, \u201cRiu Montnegre\u201d y \u201cCabe\u00e7\u00f3 d\u2019Or i la Grana\u201d<\/a>. Abril de 2021.<\/li>\n<li><a href=\"https:\/\/drive.google.com\/file\/d\/1xeZ59ju7mgEw_wNxh0kO1ZazfUbhDVBH\/view?usp=sharing\" target=\"_blank\" rel=\"noopener\">Alegaciones al Proyecto de Orden de la Conselleria de Agricultura, desarrollo rural, emergencia clim\u00e1tica y transici\u00f3n ecol\u00f3gica, por la que se modifican los listados valencianos de especies protegidas de flora y fauna; Solicitud de exclusi\u00f3n de especies cineg\u00e9ticas del Anexo I-A de la Ley 13\/2004 del 13 de diciembre, de caza de la Comunitat Valenciana<\/a>. Marzo de 2021.<\/li>\n<li><a href=\"https:\/\/drive.google.com\/file\/d\/1jg5HT_PRcaiN1gID0bqxjMQ7awdtzmVT\/view?usp=sharing\" target=\"_blank\" rel=\"noopener\">Solicitud de Base de Datos de electrocuciones de aves en la Comunitat Valenciana as\u00ed como otra informaci\u00f3n requerida relacionada<\/a>. Octubre de 2019.<\/li>\n<li><a href=\"https:\/\/drive.google.com\/file\/d\/1I6XgnOjP4sZeZZFXyxdpouwv9IrYoGRP\/view?usp=sharing\" target=\"_blank\" rel=\"noopener\">Solicitud de informaci\u00f3n sobre la autorizaci\u00f3n de una carrera (trail) en zona de nidificaci\u00f3n de \u00e1guila real en Villena<\/a>. Octubre de 2019.<\/li>\n<li><a href=\"https:\/\/drive.google.com\/file\/d\/1AcM9GZcZr2eRepykjKmw2kyVvLMxIL-I\/view?usp=sharing\" target=\"_blank\" rel=\"noopener\">Solicitud de informaci\u00f3n sobre la autorizaci\u00f3n de una carrera (trail) en zona de nidificaci\u00f3n de \u00e1guila real en Villena<\/a>. Mayo de 2019.<\/li>\n<li><span style=\"font-size: medium;\"><a href=\"https:\/\/drive.google.com\/file\/d\/1U_SSHXbVB5BLqidCfyyrgRjnNcAWq1DL\/view?usp=sharing\" target=\"_blank\" rel=\"noopener\">Solicitud Paralizaci\u00f3n de las obras de apertura de pista forestal en el barranco del Perell\u00f3, Cortes de Pall\u00e1s, por afectar a la nidificaci\u00f3n del \u00e1guila perdicera<\/a>. Mayo de 2018.<\/span><\/li>\n<li><a href=\"https:\/\/drive.google.com\/file\/d\/1iYu0wb_7yNBvlkrakCoqGaEzu0r-iDQH\/view?usp=sharing\" target=\"_blank\" rel=\"noopener\">Recurso de Alzada contra la Resoluci\u00f3n de autorizar la captura cient\u00edfica mediante el\u00a0<em>Parany<\/em>\u00a0de t\u00fardidos y otras aves 2013-2014<\/a>. Octubre de 2013.<\/li>\n<\/ul>\n<p>&nbsp;<\/p>\n<p style=\"text-align: center;\"><strong>Otras publicaciones de inter\u00e9s:<\/strong><\/p>\n<ul>\n<li><a href=\"https:\/\/drive.google.com\/file\/d\/147-MzvH_1XuXpDbTtztsigb72YWmncex\/view?usp=sharing\" target=\"_blank\" rel=\"noopener\"><span style=\"font-size: medium;\">Ruiz Sanchis, Jos\u00e9 (2022).\u00a0<i>El uro, el encebro y el bisonte europeo en la Pen\u00ednsula Ib\u00e9rica<\/i>.<\/span><\/a><\/li>\n<li><a href=\"https:\/\/drive.google.com\/file\/d\/1pYElp78iiopm7xXqvYCwMq34ZueQBCol\/view?usp=sharing\" target=\"_blank\" rel=\"noopener\">Monterde, Jos\u00e9 y Calahorra, Mar\u00eda (2021). <em>Grandes beneficios de las aves rapaces en los ecosistemas y su problem\u00e1tica de conservaci\u00f3n<\/em>. N\u00ba90 La Voz de Sinarcas.<\/a><\/li>\n<li>Monterde, Jos\u00e9 y Calahorra, Mar\u00eda (2020). <em>Miles de aves rapaces en migraci\u00f3n postnupcial pasan sobre Sinarcas<\/em>. N\u00ba89 La Voz de Sinarcas.<\/li>\n<li><a href=\"https:\/\/drive.google.com\/file\/d\/19_5fBPrs-HvFdEk4offmKvra-EGq96ec\/view?usp=sharing\" target=\"_blank\" rel=\"noopener\">Monterde, Jos\u00e9\u00a0 (2020). <em>Cajas nido para el control biol\u00f3gico de la procesionaria del pino en el Cerro Carpio de Sinarcas<\/em>. N\u00ba88 La Voz de Sinarcas<\/a>.<\/li>\n<\/ul>\n<p style=\"text-align: center;\"><strong><br \/>\n<\/strong>P\u00e1gina en construcci\u00f3n, disculpen las molestias.<\/p>\n","protected":false},"excerpt":{"rendered":"<p>Dejando de lado publicaciones propias como puede ser la revista cient\u00edfica El Serenet o nuestro bolet\u00edn El Teulad\u00ed, la SVO realiza publicaciones en otras revistas cient\u00edficas o divulgativas relacionadas o no con el Medio Ambiente, e igualmente presenta posters o trabajos en congresos ornitol\u00f3gicos. &nbsp; Imagen 1. Ejemplo de algunos escritos presentados ante Conselleria. &nbsp; [&hellip;]<\/p>\n","protected":false},"author":1,"featured_media":0,"parent":0,"menu_order":0,"comment_status":"closed","ping_status":"closed","template":"","meta":{"footnotes":""},"class_list":["post-1160","page","type-page","status-publish","hentry","clearfix"],"_links":{"self":[{"href":"https:\/\/svornitologia.org\/es\/wp-json\/wp\/v2\/pages\/1160","targetHints":{"allow":["GET"]}}],"collection":[{"href":"https:\/\/svornitologia.org\/es\/wp-json\/wp\/v2\/pages"}],"about":[{"href":"https:\/\/svornitologia.org\/es\/wp-json\/wp\/v2\/types\/page"}],"author":[{"embeddable":true,"href":"https:\/\/svornitologia.org\/es\/wp-json\/wp\/v2\/users\/1"}],"replies":[{"embeddable":true,"href":"https:\/\/svornitologia.org\/es\/wp-json\/wp\/v2\/comments?post=1160"}],"version-history":[{"count":32,"href":"https:\/\/svornitologia.org\/es\/wp-json\/wp\/v2\/pages\/1160\/revisions"}],"predecessor-version":[{"id":3185,"href":"https:\/\/svornitologia.org\/es\/wp-json\/wp\/v2\/pages\/1160\/revisions\/3185"}],"wp:attachment":[{"href":"https:\/\/svornitologia.org\/es\/wp-json\/wp\/v2\/media?parent=1160"}],"curies":[{"name":"wp","href":"https:\/\/api.w.org\/{rel}","templated":true}]}}